{"id":1796,"date":"2024-08-23T07:12:58","date_gmt":"2024-08-23T07:12:58","guid":{"rendered":"https:\/\/vastgoedexperts.be\/?page_id=1796"},"modified":"2024-12-18T15:32:16","modified_gmt":"2024-12-18T15:32:16","slug":"blog","status":"publish","type":"page","link":"https:\/\/vastgoedexperts.be\/fr\/blog\/","title":{"rendered":"Blog"},"content":{"rendered":"<div data-elementor-type=\"wp-page\" data-elementor-id=\"1796\" class=\"elementor elementor-1796\" data-elementor-post-type=\"page\">\n\t\t\t\t<div class=\"elementor-element elementor-element-64a01c4 e-con-full e-flex e-con e-parent\" data-id=\"64a01c4\" data-element_type=\"container\" data-e-type=\"container\">\n\t\t<div class=\"elementor-element elementor-element-1fe8860 e-con-full e-flex e-con e-child\" data-id=\"1fe8860\" data-element_type=\"container\" data-e-type=\"container\" data-settings=\"{&quot;background_background&quot;:&quot;classic&quot;}\">\n\t\t\t\t<div class=\"elementor-element elementor-element-9e94fbc elementor-widget elementor-widget-heading\" data-id=\"9e94fbc\" data-element_type=\"widget\" data-e-type=\"widget\" data-widget_type=\"heading.default\">\n\t\t\t\t<div class=\"elementor-widget-container\">\n\t\t\t\t\t<h1 class=\"elementor-heading-title elementor-size-default\">En savoir plus sur Vastgoedexperts<\/h1>\t\t\t\t<\/div>\n\t\t\t\t<\/div>\n\t\t\t\t<div class=\"elementor-element elementor-element-8bf0fc1 elementor-widget elementor-widget-text-editor\" data-id=\"8bf0fc1\" data-element_type=\"widget\" data-e-type=\"widget\" data-widget_type=\"text-editor.default\">\n\t\t\t\t<div class=\"elementor-widget-container\">\n\t\t\t\t\t\t\t\t\t<p>Vous souhaitez obtenir des informations plus d\u00e9taill\u00e9es sur nos services ou vous avez encore des questions sur EPC, amiante ou d'autres r\u00e9glementations en mati\u00e8re d'inspection ? Dans ce cas, lisez nos blogs ci-dessous. Nous y abordons divers sujets en d\u00e9tail afin que vous soyez bien inform\u00e9 avant de demander une inspection.<\/p>\t\t\t\t\t\t\t\t<\/div>\n\t\t\t\t<\/div>\n\t\t\t\t<\/div>\n\t\t<div class=\"elementor-element elementor-element-08ef1c3 e-con-full e-flex e-con e-child\" data-id=\"08ef1c3\" data-element_type=\"container\" data-e-type=\"container\" data-settings=\"{&quot;background_background&quot;:&quot;classic&quot;}\">\n\t\t\t\t<div class=\"elementor-element elementor-element-f1cb3ae elementor-hidden-mobile elementor-widget elementor-widget-image\" data-id=\"f1cb3ae\" data-element_type=\"widget\" data-e-type=\"widget\" data-widget_type=\"image.default\">\n\t\t\t\t<div class=\"elementor-widget-container\">\n\t\t\t\t\t\t\t\t\t\t\t\t\t\t\t<img fetchpriority=\"high\" decoding=\"async\" width=\"885\" height=\"709\" src=\"https:\/\/vastgoedexperts.be\/wp-content\/uploads\/2024\/08\/VE-fade.png\" class=\"attachment-large size-large wp-image-991\" alt=\"\" srcset=\"https:\/\/vastgoedexperts.be\/wp-content\/uploads\/2024\/08\/VE-fade.png 885w, https:\/\/vastgoedexperts.be\/wp-content\/uploads\/2024\/08\/VE-fade-300x240.png 300w, https:\/\/vastgoedexperts.be\/wp-content\/uploads\/2024\/08\/VE-fade-768x615.png 768w\" sizes=\"(max-width: 885px) 100vw, 885px\" \/>\t\t\t\t\t\t\t\t\t\t\t\t\t\t\t<\/div>\n\t\t\t\t<\/div>\n\t\t\t\t<\/div>\n\t\t\t\t<\/div>\n\t\t<div class=\"elementor-element elementor-element-f198d34 e-flex e-con-boxed e-con e-parent\" data-id=\"f198d34\" data-element_type=\"container\" data-e-type=\"container\">\n\t\t\t\t\t<div class=\"e-con-inner\">\n\t\t<div class=\"elementor-element elementor-element-04e4896 e-con-full e-flex e-con e-child\" data-id=\"04e4896\" data-element_type=\"container\" data-e-type=\"container\">\n\t\t\t\t<div class=\"elementor-element elementor-element-16788a7 blog-pagina elementor-grid-3 elementor-grid-tablet-2 elementor-grid-mobile-1 elementor-posts--thumbnail-top elementor-card-shadow-yes elementor-posts__hover-gradient elementor-widget elementor-widget-posts\" data-id=\"16788a7\" data-element_type=\"widget\" data-e-type=\"widget\" data-settings=\"{&quot;cards_row_gap&quot;:{&quot;unit&quot;:&quot;px&quot;,&quot;size&quot;:30,&quot;sizes&quot;:[]},&quot;cards_columns&quot;:&quot;3&quot;,&quot;cards_columns_tablet&quot;:&quot;2&quot;,&quot;cards_columns_mobile&quot;:&quot;1&quot;,&quot;cards_row_gap_tablet&quot;:{&quot;unit&quot;:&quot;px&quot;,&quot;size&quot;:&quot;&quot;,&quot;sizes&quot;:[]},&quot;cards_row_gap_mobile&quot;:{&quot;unit&quot;:&quot;px&quot;,&quot;size&quot;:&quot;&quot;,&quot;sizes&quot;:[]}}\" data-widget_type=\"posts.cards\">\n\t\t\t\t<div class=\"elementor-widget-container\">\n\t\t\t\t\t\t\t<div class=\"elementor-posts-container elementor-posts elementor-posts--skin-cards elementor-grid\" role=\"list\">\n\t\t\t\t<article class=\"elementor-post elementor-grid-item post-6071 post type-post status-publish format-standard has-post-thumbnail hentry category-epc\" role=\"listitem\">\n\t\t\t<div class=\"elementor-post__card\">\n\t\t\t\t<a class=\"elementor-post__thumbnail__link\" href=\"https:\/\/vastgoedexperts.be\/fr\/epc-score-verbeteren-zo-maak-je-je-woning-energiezuiniger\/\" tabindex=\"-1\"><div class=\"elementor-post__thumbnail\"><img decoding=\"async\" width=\"1024\" height=\"683\" data-src=\"https:\/\/vastgoedexperts.be\/wp-content\/uploads\/2026\/02\/EPc-score-verbeteren-1024x683.jpg\" class=\"attachment-large size-large wp-image-6074 lazyload\" alt=\"\" data-srcset=\"https:\/\/vastgoedexperts.be\/wp-content\/uploads\/2026\/02\/EPc-score-verbeteren-1024x683.jpg 1024w, https:\/\/vastgoedexperts.be\/wp-content\/uploads\/2026\/02\/EPc-score-verbeteren-300x200.jpg 300w, https:\/\/vastgoedexperts.be\/wp-content\/uploads\/2026\/02\/EPc-score-verbeteren-768x512.jpg 768w, https:\/\/vastgoedexperts.be\/wp-content\/uploads\/2026\/02\/EPc-score-verbeteren-18x12.jpg 18w, https:\/\/vastgoedexperts.be\/wp-content\/uploads\/2026\/02\/EPc-score-verbeteren.jpg 1200w\" data-sizes=\"(max-width: 1024px) 100vw, 1024px\" src=\"data:image\/svg+xml;base64,PHN2ZyB3aWR0aD0iMSIgaGVpZ2h0PSIxIiB4bWxucz0iaHR0cDovL3d3dy53My5vcmcvMjAwMC9zdmciPjwvc3ZnPg==\" style=\"--smush-placeholder-width: 1024px; --smush-placeholder-aspect-ratio: 1024\/683;\" \/><\/div><\/a>\n\t\t\t\t<div class=\"elementor-post__badge\">EPC<\/div>\n\t\t\t\t<div class=\"elementor-post__text\">\n\t\t\t\t<h3 class=\"elementor-post__title\">\n\t\t\t<a href=\"https:\/\/vastgoedexperts.be\/fr\/epc-score-verbeteren-zo-maak-je-je-woning-energiezuiniger\/\">\n\t\t\t\tAm\u00e9liorer le score EPC : voici comment rendre votre logement plus \u00e9conome en \u00e9nergie\t\t\t<\/a>\n\t\t<\/h3>\n\t\t\t\t<div class=\"elementor-post__excerpt\">\n\t\t\t<p>Am\u00e9liorer le score EPC : voici comment rendre votre maison plus \u00e9conome en \u00e9nergie Vous voulez am\u00e9liorer le score EPC de votre maison ? Vous faites alors un choix intelligent et tourn\u00e9 vers l'avenir. Un meilleur score EPC augmente la valeur de vente et de location de votre logement,<\/p>\n\t\t<\/div>\n\t\t\n\t\t<a class=\"elementor-post__read-more\" href=\"https:\/\/vastgoedexperts.be\/fr\/epc-score-verbeteren-zo-maak-je-je-woning-energiezuiniger\/\" aria-label=\"Apprenez-en davantage sur l&#039;am\u00e9lioration du score EPC : voici comment rendre votre logement plus \u00e9conome en \u00e9nergie\" tabindex=\"-1\">\n\t\t\tEn savoir plus\t\t<\/a>\n\n\t\t\t\t<\/div>\n\t\t\t\t\t<\/div>\n\t\t<\/article>\n\t\t\t\t<article class=\"elementor-post elementor-grid-item post-5649 post type-post status-publish format-standard has-post-thumbnail hentry category-algemeen-nieuws\" role=\"listitem\">\n\t\t\t<div class=\"elementor-post__card\">\n\t\t\t\t<a class=\"elementor-post__thumbnail__link\" href=\"https:\/\/vastgoedexperts.be\/fr\/vastgoedexperts-en-inpress-bundelen-krachten-samen-sterker-voor-makelaars\/\" tabindex=\"-1\"><div class=\"elementor-post__thumbnail\"><img decoding=\"async\" width=\"1024\" height=\"683\" data-src=\"https:\/\/vastgoedexperts.be\/wp-content\/uploads\/2025\/12\/DSC0152-bewerkt-1024x683.jpg\" class=\"attachment-large size-large wp-image-5646 lazyload\" alt=\"\" data-srcset=\"https:\/\/vastgoedexperts.be\/wp-content\/uploads\/2025\/12\/DSC0152-bewerkt-1024x683.jpg 1024w, https:\/\/vastgoedexperts.be\/wp-content\/uploads\/2025\/12\/DSC0152-bewerkt-300x200.jpg 300w, https:\/\/vastgoedexperts.be\/wp-content\/uploads\/2025\/12\/DSC0152-bewerkt-768x512.jpg 768w, https:\/\/vastgoedexperts.be\/wp-content\/uploads\/2025\/12\/DSC0152-bewerkt-1536x1024.jpg 1536w, https:\/\/vastgoedexperts.be\/wp-content\/uploads\/2025\/12\/DSC0152-bewerkt-2048x1365.jpg 2048w, https:\/\/vastgoedexperts.be\/wp-content\/uploads\/2025\/12\/DSC0152-bewerkt-18x12.jpg 18w\" data-sizes=\"(max-width: 1024px) 100vw, 1024px\" src=\"data:image\/svg+xml;base64,PHN2ZyB3aWR0aD0iMSIgaGVpZ2h0PSIxIiB4bWxucz0iaHR0cDovL3d3dy53My5vcmcvMjAwMC9zdmciPjwvc3ZnPg==\" style=\"--smush-placeholder-width: 1024px; --smush-placeholder-aspect-ratio: 1024\/683;\" \/><\/div><\/a>\n\t\t\t\t<div class=\"elementor-post__badge\">Nouvelles g\u00e9n\u00e9rales<\/div>\n\t\t\t\t<div class=\"elementor-post__text\">\n\t\t\t\t<h3 class=\"elementor-post__title\">\n\t\t\t<a href=\"https:\/\/vastgoedexperts.be\/fr\/vastgoedexperts-en-inpress-bundelen-krachten-samen-sterker-voor-makelaars\/\">\n\t\t\t\tLes experts immobiliers et Inpress unissent leurs forces : plus forts ensemble pour les agents immobiliers !\t\t\t<\/a>\n\t\t<\/h3>\n\t\t\t\t<div class=\"elementor-post__excerpt\">\n\t\t\t<p>Nous avons une grande nouvelle ! Real estate experts a officiellement acquis Inpress, le leader du march\u00e9 des panneaux immobiliers. Une op\u00e9ration passionnante qui non seulement renforce nos entreprises, mais surtout vous servira encore mieux en tant qu'agent immobilier. Pourquoi cette<\/p>\n\t\t<\/div>\n\t\t\n\t\t<a class=\"elementor-post__read-more\" href=\"https:\/\/vastgoedexperts.be\/fr\/vastgoedexperts-en-inpress-bundelen-krachten-samen-sterker-voor-makelaars\/\" aria-label=\"En savoir plus sur Vastgoedexperts et Inpress unissent leurs forces : plus forts ensemble pour les agents immobiliers !\" tabindex=\"-1\">\n\t\t\tEn savoir plus\t\t<\/a>\n\n\t\t\t\t<\/div>\n\t\t\t\t\t<\/div>\n\t\t<\/article>\n\t\t\t\t<article class=\"elementor-post elementor-grid-item post-5438 post type-post status-publish format-standard has-post-thumbnail hentry category-immoborden\" role=\"listitem\">\n\t\t\t<div class=\"elementor-post__card\">\n\t\t\t\t<a class=\"elementor-post__thumbnail__link\" href=\"https:\/\/vastgoedexperts.be\/fr\/immobord-onmisbaar\/\" tabindex=\"-1\"><div class=\"elementor-post__thumbnail\"><img decoding=\"async\" width=\"1024\" height=\"683\" data-src=\"https:\/\/vastgoedexperts.be\/wp-content\/uploads\/2025\/09\/DSC1741-1024x683.jpg\" class=\"attachment-large size-large wp-image-5439 lazyload\" alt=\"immobord\" data-srcset=\"https:\/\/vastgoedexperts.be\/wp-content\/uploads\/2025\/09\/DSC1741-1024x683.jpg 1024w, https:\/\/vastgoedexperts.be\/wp-content\/uploads\/2025\/09\/DSC1741-300x200.jpg 300w, https:\/\/vastgoedexperts.be\/wp-content\/uploads\/2025\/09\/DSC1741-768x512.jpg 768w, https:\/\/vastgoedexperts.be\/wp-content\/uploads\/2025\/09\/DSC1741-1536x1024.jpg 1536w, https:\/\/vastgoedexperts.be\/wp-content\/uploads\/2025\/09\/DSC1741-2048x1365.jpg 2048w, https:\/\/vastgoedexperts.be\/wp-content\/uploads\/2025\/09\/DSC1741-18x12.jpg 18w\" data-sizes=\"(max-width: 1024px) 100vw, 1024px\" src=\"data:image\/svg+xml;base64,PHN2ZyB3aWR0aD0iMSIgaGVpZ2h0PSIxIiB4bWxucz0iaHR0cDovL3d3dy53My5vcmcvMjAwMC9zdmciPjwvc3ZnPg==\" style=\"--smush-placeholder-width: 1024px; --smush-placeholder-aspect-ratio: 1024\/683;\" \/><\/div><\/a>\n\t\t\t\t<div class=\"elementor-post__badge\">Panneaux immobiliers<\/div>\n\t\t\t\t<div class=\"elementor-post__text\">\n\t\t\t\t<h3 class=\"elementor-post__title\">\n\t\t\t<a href=\"https:\/\/vastgoedexperts.be\/fr\/immobord-onmisbaar\/\">\n\t\t\t\tPourquoi un panneau immobilier reste indispensable pour vendre ou louer\t\t\t<\/a>\n\t\t<\/h3>\n\t\t\t\t<div class=\"elementor-post__excerpt\">\n\t\t\t<p>\u00c0 l'heure o\u00f9 les portails immobiliers en ligne et les m\u00e9dias sociaux dominent le march\u00e9 de l'immobilier, on pourrait penser que le panneau classique \u201c\u00e0 vendre\u201d ou \u201c\u00e0 louer\u201d a perdu de son utilit\u00e9. Pourtant, rien n'est moins vrai. Un panneau immobilier est<\/p>\n\t\t<\/div>\n\t\t\n\t\t<a class=\"elementor-post__read-more\" href=\"https:\/\/vastgoedexperts.be\/fr\/immobord-onmisbaar\/\" aria-label=\"En savoir plus sur Pourquoi un panneau immobilier est toujours indispensable pour la vente ou la location\" tabindex=\"-1\">\n\t\t\tEn savoir plus\t\t<\/a>\n\n\t\t\t\t<\/div>\n\t\t\t\t\t<\/div>\n\t\t<\/article>\n\t\t\t\t<article class=\"elementor-post elementor-grid-item post-5226 post type-post status-publish format-standard has-post-thumbnail hentry category-asbestattest\" role=\"listitem\">\n\t\t\t<div class=\"elementor-post__card\">\n\t\t\t\t<a class=\"elementor-post__thumbnail__link\" href=\"https:\/\/vastgoedexperts.be\/fr\/asbestinventaris\/\" tabindex=\"-1\"><div class=\"elementor-post__thumbnail\"><img decoding=\"async\" width=\"1024\" height=\"1024\" data-src=\"https:\/\/vastgoedexperts.be\/wp-content\/uploads\/2025\/09\/META-ADS_PARTICULIER-CAROUSEL-1080-x-1080-px-12-1024x1024.png\" class=\"attachment-large size-large wp-image-5230 lazyload\" alt=\"inventaire de l&#039;amiante\" data-srcset=\"https:\/\/vastgoedexperts.be\/wp-content\/uploads\/2025\/09\/META-ADS_PARTICULIER-CAROUSEL-1080-x-1080-px-12-1024x1024.png 1024w, https:\/\/vastgoedexperts.be\/wp-content\/uploads\/2025\/09\/META-ADS_PARTICULIER-CAROUSEL-1080-x-1080-px-12-300x300.png 300w, https:\/\/vastgoedexperts.be\/wp-content\/uploads\/2025\/09\/META-ADS_PARTICULIER-CAROUSEL-1080-x-1080-px-12-150x150.png 150w, https:\/\/vastgoedexperts.be\/wp-content\/uploads\/2025\/09\/META-ADS_PARTICULIER-CAROUSEL-1080-x-1080-px-12-768x768.png 768w, https:\/\/vastgoedexperts.be\/wp-content\/uploads\/2025\/09\/META-ADS_PARTICULIER-CAROUSEL-1080-x-1080-px-12-12x12.png 12w, https:\/\/vastgoedexperts.be\/wp-content\/uploads\/2025\/09\/META-ADS_PARTICULIER-CAROUSEL-1080-x-1080-px-12.png 1080w\" data-sizes=\"(max-width: 1024px) 100vw, 1024px\" src=\"data:image\/svg+xml;base64,PHN2ZyB3aWR0aD0iMSIgaGVpZ2h0PSIxIiB4bWxucz0iaHR0cDovL3d3dy53My5vcmcvMjAwMC9zdmciPjwvc3ZnPg==\" style=\"--smush-placeholder-width: 1024px; --smush-placeholder-aspect-ratio: 1024\/1024;\" \/><\/div><\/a>\n\t\t\t\t<div class=\"elementor-post__badge\">Certificat amiante<\/div>\n\t\t\t\t<div class=\"elementor-post__text\">\n\t\t\t\t<h3 class=\"elementor-post__title\">\n\t\t\t<a href=\"https:\/\/vastgoedexperts.be\/fr\/asbestinventaris\/\">\n\t\t\t\t6 entreprises sur 10 n\u2019ont pas encore d\u2019inventaire d\u2019amiante valide : \u00c9vitez les sanctions et prenez rendez-vous d\u00e8s maintenant.\t\t\t<\/a>\n\t\t<\/h3>\n\t\t\t\t<div class=\"elementor-post__excerpt\">\n\t\t\t<p>Une r\u00e9cente \u00e9tude de l'Inspection du travail montre que la majorit\u00e9 de nos entreprises et de nos \u00e9coles ne disposent pas encore d'un inventaire de l'amiante. Or, il est obligatoire de faire \u00e9tablir un tel inventaire. Ainsi, vous prot\u00e9gez<\/p>\n\t\t<\/div>\n\t\t\n\t\t<a class=\"elementor-post__read-more\" href=\"https:\/\/vastgoedexperts.be\/fr\/asbestinventaris\/\" aria-label=\"6 entreprises sur 10 n&#039;ont pas encore d&#039;inventaire d&#039;amiante valide : \u00e9vitez les sanctions et prenez rendez-vous d\u00e8s maintenant.\" tabindex=\"-1\">\n\t\t\tEn savoir plus\t\t<\/a>\n\n\t\t\t\t<\/div>\n\t\t\t\t\t<\/div>\n\t\t<\/article>\n\t\t\t\t<article class=\"elementor-post elementor-grid-item post-5038 post type-post status-publish format-standard has-post-thumbnail hentry category-asbestattest\" role=\"listitem\">\n\t\t\t<div class=\"elementor-post__card\">\n\t\t\t\t<a class=\"elementor-post__thumbnail__link\" href=\"https:\/\/vastgoedexperts.be\/fr\/asbestattest-aanvragen\/\" tabindex=\"-1\"><div class=\"elementor-post__thumbnail\"><img decoding=\"async\" width=\"1024\" height=\"1024\" data-src=\"https:\/\/vastgoedexperts.be\/wp-content\/uploads\/2025\/07\/PEB_img-1024x1024.png\" class=\"attachment-large size-large wp-image-5040 lazyload\" alt=\"\" data-srcset=\"https:\/\/vastgoedexperts.be\/wp-content\/uploads\/2025\/07\/PEB_img-1024x1024.png 1024w, https:\/\/vastgoedexperts.be\/wp-content\/uploads\/2025\/07\/PEB_img-300x300.png 300w, https:\/\/vastgoedexperts.be\/wp-content\/uploads\/2025\/07\/PEB_img-150x150.png 150w, https:\/\/vastgoedexperts.be\/wp-content\/uploads\/2025\/07\/PEB_img-768x768.png 768w, https:\/\/vastgoedexperts.be\/wp-content\/uploads\/2025\/07\/PEB_img-12x12.png 12w, https:\/\/vastgoedexperts.be\/wp-content\/uploads\/2025\/07\/PEB_img.png 1080w\" data-sizes=\"(max-width: 1024px) 100vw, 1024px\" src=\"data:image\/svg+xml;base64,PHN2ZyB3aWR0aD0iMSIgaGVpZ2h0PSIxIiB4bWxucz0iaHR0cDovL3d3dy53My5vcmcvMjAwMC9zdmciPjwvc3ZnPg==\" style=\"--smush-placeholder-width: 1024px; --smush-placeholder-aspect-ratio: 1024\/1024;\" \/><\/div><\/a>\n\t\t\t\t<div class=\"elementor-post__badge\">Certificat amiante<\/div>\n\t\t\t\t<div class=\"elementor-post__text\">\n\t\t\t\t<h3 class=\"elementor-post__title\">\n\t\t\t<a href=\"https:\/\/vastgoedexperts.be\/fr\/asbestattest-aanvragen\/\">\n\t\t\t\tQuand un \u00e9chantillonnage est-il n\u00e9cessaire pour votre certificat amiante ?\t\t\t<\/a>\n\t\t<\/h3>\n\t\t\t\t<div class=\"elementor-post__excerpt\">\n\t\t\t<p>Vous allez vendre une maison ou un b\u00e2timent construit avant 2001 ? Dans ce cas, vous avez l'obligation de faire \u00e9tablir un certificat amiante. Cette attestation est obligatoire pour les ventes depuis le 23 novembre 2022 et permet d'y voir clair<\/p>\n\t\t<\/div>\n\t\t\n\t\t<a class=\"elementor-post__read-more\" href=\"https:\/\/vastgoedexperts.be\/fr\/asbestattest-aanvragen\/\" aria-label=\"Pour en savoir plus sur Quand un \u00e9chantillon est-il n\u00e9cessaire pour votre certificat d&#039;amiante ?\" tabindex=\"-1\">\n\t\t\tEn savoir plus\t\t<\/a>\n\n\t\t\t\t<\/div>\n\t\t\t\t\t<\/div>\n\t\t<\/article>\n\t\t\t\t<article class=\"elementor-post elementor-grid-item post-4766 post type-post status-publish format-standard has-post-thumbnail hentry category-algemeen-nieuws\" role=\"listitem\">\n\t\t\t<div class=\"elementor-post__card\">\n\t\t\t\t<a class=\"elementor-post__thumbnail__link\" href=\"https:\/\/vastgoedexperts.be\/fr\/cib\/\" tabindex=\"-1\"><div class=\"elementor-post__thumbnail\"><img decoding=\"async\" width=\"1024\" height=\"1024\" data-src=\"https:\/\/vastgoedexperts.be\/wp-content\/uploads\/2025\/05\/Citaat-vierkant-formaat-3-1024x1024.png\" class=\"attachment-large size-large wp-image-4771 lazyload\" alt=\"CIB\" data-srcset=\"https:\/\/vastgoedexperts.be\/wp-content\/uploads\/2025\/05\/Citaat-vierkant-formaat-3-1024x1024.png 1024w, https:\/\/vastgoedexperts.be\/wp-content\/uploads\/2025\/05\/Citaat-vierkant-formaat-3-300x300.png 300w, https:\/\/vastgoedexperts.be\/wp-content\/uploads\/2025\/05\/Citaat-vierkant-formaat-3-150x150.png 150w, https:\/\/vastgoedexperts.be\/wp-content\/uploads\/2025\/05\/Citaat-vierkant-formaat-3-768x768.png 768w, https:\/\/vastgoedexperts.be\/wp-content\/uploads\/2025\/05\/Citaat-vierkant-formaat-3-12x12.png 12w, https:\/\/vastgoedexperts.be\/wp-content\/uploads\/2025\/05\/Citaat-vierkant-formaat-3.png 1080w\" data-sizes=\"(max-width: 1024px) 100vw, 1024px\" src=\"data:image\/svg+xml;base64,PHN2ZyB3aWR0aD0iMSIgaGVpZ2h0PSIxIiB4bWxucz0iaHR0cDovL3d3dy53My5vcmcvMjAwMC9zdmciPjwvc3ZnPg==\" style=\"--smush-placeholder-width: 1024px; --smush-placeholder-aspect-ratio: 1024\/1024;\" \/><\/div><\/a>\n\t\t\t\t<div class=\"elementor-post__badge\">Nouvelles g\u00e9n\u00e9rales<\/div>\n\t\t\t\t<div class=\"elementor-post__text\">\n\t\t\t\t<h3 class=\"elementor-post__title\">\n\t\t\t<a href=\"https:\/\/vastgoedexperts.be\/fr\/cib\/\">\n\t\t\t\tPartenariat Real Estate Experts &amp; CIB : \"Une collaboration puissante\".\t\t\t<\/a>\n\t\t<\/h3>\n\t\t\t\t<div class=\"elementor-post__excerpt\">\n\t\t\t<p>Bonne nouvelle ! Real Estate Experts sera un partenaire structurel de CIB, la Conf\u00e9d\u00e9ration des Professionnels de l'Immobilier, \u00e0 partir de mai 2025. La CIB est l'association professionnelle des agents immobiliers, des syndics et autres professionnels de l'immobilier et constitue un important relais au sein du secteur. Pour<\/p>\n\t\t<\/div>\n\t\t\n\t\t<a class=\"elementor-post__read-more\" href=\"https:\/\/vastgoedexperts.be\/fr\/cib\/\" aria-label=\"En savoir plus sur Partenariat Real Estate Experts &amp; CIB : &quot;Une collaboration puissante&quot;.\" tabindex=\"-1\">\n\t\t\tEn savoir plus\t\t<\/a>\n\n\t\t\t\t<\/div>\n\t\t\t\t\t<\/div>\n\t\t<\/article>\n\t\t\t\t<article class=\"elementor-post elementor-grid-item post-4128 post type-post status-publish format-standard has-post-thumbnail hentry category-algemeen-nieuws\" role=\"listitem\">\n\t\t\t<div class=\"elementor-post__card\">\n\t\t\t\t<a class=\"elementor-post__thumbnail__link\" href=\"https:\/\/vastgoedexperts.be\/fr\/vastgoedexperts-lanceert-eigen-podcast\/\" tabindex=\"-1\"><div class=\"elementor-post__thumbnail\"><img decoding=\"async\" width=\"1024\" height=\"683\" data-src=\"https:\/\/vastgoedexperts.be\/wp-content\/uploads\/2024\/12\/Podcast-04.12.2024-13-1024x683.jpg\" class=\"attachment-large size-large wp-image-3855 lazyload\" alt=\"\" data-srcset=\"https:\/\/vastgoedexperts.be\/wp-content\/uploads\/2024\/12\/Podcast-04.12.2024-13-1024x683.jpg 1024w, https:\/\/vastgoedexperts.be\/wp-content\/uploads\/2024\/12\/Podcast-04.12.2024-13-300x200.jpg 300w, https:\/\/vastgoedexperts.be\/wp-content\/uploads\/2024\/12\/Podcast-04.12.2024-13-768x512.jpg 768w, https:\/\/vastgoedexperts.be\/wp-content\/uploads\/2024\/12\/Podcast-04.12.2024-13-1536x1024.jpg 1536w, https:\/\/vastgoedexperts.be\/wp-content\/uploads\/2024\/12\/Podcast-04.12.2024-13-2048x1365.jpg 2048w, https:\/\/vastgoedexperts.be\/wp-content\/uploads\/2024\/12\/Podcast-04.12.2024-13-18x12.jpg 18w\" data-sizes=\"(max-width: 1024px) 100vw, 1024px\" src=\"data:image\/svg+xml;base64,PHN2ZyB3aWR0aD0iMSIgaGVpZ2h0PSIxIiB4bWxucz0iaHR0cDovL3d3dy53My5vcmcvMjAwMC9zdmciPjwvc3ZnPg==\" style=\"--smush-placeholder-width: 1024px; --smush-placeholder-aspect-ratio: 1024\/683;\" \/><\/div><\/a>\n\t\t\t\t<div class=\"elementor-post__badge\">Nouvelles g\u00e9n\u00e9rales<\/div>\n\t\t\t\t<div class=\"elementor-post__text\">\n\t\t\t\t<h3 class=\"elementor-post__title\">\n\t\t\t<a href=\"https:\/\/vastgoedexperts.be\/fr\/vastgoedexperts-lanceert-eigen-podcast\/\">\n\t\t\t\tVastgoedexperts lance son propre podcast !\t\t\t<\/a>\n\t\t<\/h3>\n\t\t\t\t<div class=\"elementor-post__excerpt\">\n\t\t\t<p>Table des mati\u00e8res: Pourquoi ce podcast ? Lieu d'enregistrement Quels sont les sujets abord\u00e9s ? O\u00f9 trouver le podcast ? Conclusion Pourquoi ce podcast ? Chez Vastgoedexperts, nous ne sommes pas rest\u00e9s les bras crois\u00e9s en 2024. C'est pourquoi nous sommes<\/p>\n\t\t<\/div>\n\t\t\n\t\t<a class=\"elementor-post__read-more\" href=\"https:\/\/vastgoedexperts.be\/fr\/vastgoedexperts-lanceert-eigen-podcast\/\" aria-label=\"En savoir plus sur Vastgoedexperts lance son propre podcast !\" tabindex=\"-1\">\n\t\t\tEn savoir plus\t\t<\/a>\n\n\t\t\t\t<\/div>\n\t\t\t\t\t<\/div>\n\t\t<\/article>\n\t\t\t\t<article class=\"elementor-post elementor-grid-item post-3371 post type-post status-publish format-standard has-post-thumbnail hentry category-epc\" role=\"listitem\">\n\t\t\t<div class=\"elementor-post__card\">\n\t\t\t\t<a class=\"elementor-post__thumbnail__link\" href=\"https:\/\/vastgoedexperts.be\/fr\/wat-is-een-goede-epc-score\/\" tabindex=\"-1\"><div class=\"elementor-post__thumbnail\"><img decoding=\"async\" width=\"700\" height=\"441\" data-src=\"https:\/\/vastgoedexperts.be\/wp-content\/uploads\/2024\/11\/Y18-2309_VO_Campagne-nieuw-EPC_Label_06-01-1200x508-1-700x441-1.png\" class=\"attachment-large size-large wp-image-3374 lazyload\" alt=\"\" data-srcset=\"https:\/\/vastgoedexperts.be\/wp-content\/uploads\/2024\/11\/Y18-2309_VO_Campagne-nieuw-EPC_Label_06-01-1200x508-1-700x441-1.png 700w, https:\/\/vastgoedexperts.be\/wp-content\/uploads\/2024\/11\/Y18-2309_VO_Campagne-nieuw-EPC_Label_06-01-1200x508-1-700x441-1-300x189.png 300w, https:\/\/vastgoedexperts.be\/wp-content\/uploads\/2024\/11\/Y18-2309_VO_Campagne-nieuw-EPC_Label_06-01-1200x508-1-700x441-1-18x12.png 18w\" data-sizes=\"(max-width: 700px) 100vw, 700px\" src=\"data:image\/svg+xml;base64,PHN2ZyB3aWR0aD0iMSIgaGVpZ2h0PSIxIiB4bWxucz0iaHR0cDovL3d3dy53My5vcmcvMjAwMC9zdmciPjwvc3ZnPg==\" style=\"--smush-placeholder-width: 700px; --smush-placeholder-aspect-ratio: 700\/441;\" \/><\/div><\/a>\n\t\t\t\t<div class=\"elementor-post__badge\">EPC<\/div>\n\t\t\t\t<div class=\"elementor-post__text\">\n\t\t\t\t<h3 class=\"elementor-post__title\">\n\t\t\t<a href=\"https:\/\/vastgoedexperts.be\/fr\/wat-is-een-goede-epc-score\/\">\n\t\t\t\tQu'est-ce qu'un bon score EPC ?\t\t\t<\/a>\n\t\t<\/h3>\n\t\t\t\t<div class=\"elementor-post__excerpt\">\n\t\t\t<p>Si vous envisagez d'acheter ou de vendre un logement, vous vous demandez certainement si la note EPC ou l'\u00e9tiquette figurant sur le certificat de performance \u00e9nerg\u00e9tique (EPC) est bonne ou mauvaise. Pour r\u00e9pondre \u00e0 cette question<\/p>\n\t\t<\/div>\n\t\t\n\t\t<a class=\"elementor-post__read-more\" href=\"https:\/\/vastgoedexperts.be\/fr\/wat-is-een-goede-epc-score\/\" aria-label=\"En savoir plus sur Qu&#039;est-ce qu&#039;un bon score EPC ?\" tabindex=\"-1\">\n\t\t\tEn savoir plus\t\t<\/a>\n\n\t\t\t\t<\/div>\n\t\t\t\t\t<\/div>\n\t\t<\/article>\n\t\t\t\t<article class=\"elementor-post elementor-grid-item post-3426 post type-post status-publish format-standard has-post-thumbnail hentry category-algemeen-nieuws\" role=\"listitem\">\n\t\t\t<div class=\"elementor-post__card\">\n\t\t\t\t<a class=\"elementor-post__thumbnail__link\" href=\"https:\/\/vastgoedexperts.be\/fr\/een-bestelling-plaatsen-als-particulier-in-10-eenvoudige-stappen\/\" tabindex=\"-1\"><div class=\"elementor-post__thumbnail\"><img decoding=\"async\" width=\"1024\" height=\"626\" data-src=\"https:\/\/vastgoedexperts.be\/wp-content\/uploads\/2024\/12\/Wat-is-een-EPC-keuring-1024x626.webp\" class=\"attachment-large size-large wp-image-3942 lazyload\" alt=\"passer une commande\" data-srcset=\"https:\/\/vastgoedexperts.be\/wp-content\/uploads\/2024\/12\/Wat-is-een-EPC-keuring-1024x626.webp 1024w, https:\/\/vastgoedexperts.be\/wp-content\/uploads\/2024\/12\/Wat-is-een-EPC-keuring-300x183.webp 300w, https:\/\/vastgoedexperts.be\/wp-content\/uploads\/2024\/12\/Wat-is-een-EPC-keuring-768x470.webp 768w, https:\/\/vastgoedexperts.be\/wp-content\/uploads\/2024\/12\/Wat-is-een-EPC-keuring-18x12.webp 18w, https:\/\/vastgoedexperts.be\/wp-content\/uploads\/2024\/12\/Wat-is-een-EPC-keuring.webp 1500w\" data-sizes=\"(max-width: 1024px) 100vw, 1024px\" src=\"data:image\/svg+xml;base64,PHN2ZyB3aWR0aD0iMSIgaGVpZ2h0PSIxIiB4bWxucz0iaHR0cDovL3d3dy53My5vcmcvMjAwMC9zdmciPjwvc3ZnPg==\" style=\"--smush-placeholder-width: 1024px; --smush-placeholder-aspect-ratio: 1024\/626;\" \/><\/div><\/a>\n\t\t\t\t<div class=\"elementor-post__badge\">Nouvelles g\u00e9n\u00e9rales<\/div>\n\t\t\t\t<div class=\"elementor-post__text\">\n\t\t\t\t<h3 class=\"elementor-post__title\">\n\t\t\t<a href=\"https:\/\/vastgoedexperts.be\/fr\/een-bestelling-plaatsen-als-particulier-in-10-eenvoudige-stappen\/\">\n\t\t\t\tPasser une commande en tant que particulier en 10 \u00e9tapes simples\t\t\t<\/a>\n\t\t<\/h3>\n\t\t\t\t<div class=\"elementor-post__excerpt\">\n\t\t\t<p>Comment puis-je demander une inspection ? Vous souhaitez passer une commande aupr\u00e8s de Real Estate Experts mais vous ne savez pas comment faire ? Gr\u00e2ce \u00e0 notre nouveau formulaire de demande pour les particuliers, c'est plus facile que jamais. Dans ce blog, nous vous expliquons<\/p>\n\t\t<\/div>\n\t\t\n\t\t<a class=\"elementor-post__read-more\" href=\"https:\/\/vastgoedexperts.be\/fr\/een-bestelling-plaatsen-als-particulier-in-10-eenvoudige-stappen\/\" aria-label=\"En savoir plus sur Passer une commande en tant que particulier en 10 \u00e9tapes faciles\" tabindex=\"-1\">\n\t\t\tEn savoir plus\t\t<\/a>\n\n\t\t\t\t<\/div>\n\t\t\t\t\t<\/div>\n\t\t<\/article>\n\t\t\t\t<article class=\"elementor-post elementor-grid-item post-1819 post type-post status-publish format-standard has-post-thumbnail hentry category-epc\" role=\"listitem\">\n\t\t\t<div class=\"elementor-post__card\">\n\t\t\t\t<a class=\"elementor-post__thumbnail__link\" href=\"https:\/\/vastgoedexperts.be\/fr\/blog-epc-niet-residentieel\/\" tabindex=\"-1\"><div class=\"elementor-post__thumbnail\"><img decoding=\"async\" width=\"1024\" height=\"624\" data-src=\"https:\/\/vastgoedexperts.be\/wp-content\/uploads\/2024\/12\/Wat-is-een-EPC_image-1024x624.webp\" class=\"attachment-large size-large wp-image-3922 lazyload\" alt=\"expert en \u00e9nergie\" data-srcset=\"https:\/\/vastgoedexperts.be\/wp-content\/uploads\/2024\/12\/Wat-is-een-EPC_image-1024x624.webp 1024w, https:\/\/vastgoedexperts.be\/wp-content\/uploads\/2024\/12\/Wat-is-een-EPC_image-300x183.webp 300w, https:\/\/vastgoedexperts.be\/wp-content\/uploads\/2024\/12\/Wat-is-een-EPC_image-768x468.webp 768w, https:\/\/vastgoedexperts.be\/wp-content\/uploads\/2024\/12\/Wat-is-een-EPC_image-18x12.webp 18w, https:\/\/vastgoedexperts.be\/wp-content\/uploads\/2024\/12\/Wat-is-een-EPC_image.webp 1500w\" data-sizes=\"(max-width: 1024px) 100vw, 1024px\" src=\"data:image\/svg+xml;base64,PHN2ZyB3aWR0aD0iMSIgaGVpZ2h0PSIxIiB4bWxucz0iaHR0cDovL3d3dy53My5vcmcvMjAwMC9zdmciPjwvc3ZnPg==\" style=\"--smush-placeholder-width: 1024px; --smush-placeholder-aspect-ratio: 1024\/624;\" \/><\/div><\/a>\n\t\t\t\t<div class=\"elementor-post__badge\">EPC<\/div>\n\t\t\t\t<div class=\"elementor-post__text\">\n\t\t\t\t<h3 class=\"elementor-post__title\">\n\t\t\t<a href=\"https:\/\/vastgoedexperts.be\/fr\/blog-epc-niet-residentieel\/\">\n\t\t\t\tL'EPC non r\u00e9sidentiel : un document cl\u00e9 pour des b\u00e2timents climatiquement neutres en 2050\t\t\t<\/a>\n\t\t<\/h3>\n\t\t\t\t<div class=\"elementor-post__excerpt\">\n\t\t\t<p>L'EPC non r\u00e9sidentiel, \u00e9galement appel\u00e9 CEPC NR dans la suite de cet article, permet de mieux conna\u00eetre l'efficacit\u00e9 \u00e9nerg\u00e9tique des b\u00e2timents non r\u00e9sidentiels tels que les immeubles de bureaux, les h\u00f4pitaux, les \u00e9coles, etc. En d'autres termes, il s'agit de b\u00e2timents qui ne sont pas habit\u00e9s<\/p>\n\t\t<\/div>\n\t\t\n\t\t<a class=\"elementor-post__read-more\" href=\"https:\/\/vastgoedexperts.be\/fr\/blog-epc-niet-residentieel\/\" aria-label=\"En savoir plus sur Het EPC non-residential : A key document towards climate-neutral buildings in 2050 (en anglais)\" tabindex=\"-1\">\n\t\t\tEn savoir plus\t\t<\/a>\n\n\t\t\t\t<\/div>\n\t\t\t\t\t<\/div>\n\t\t<\/article>\n\t\t\t\t<article class=\"elementor-post elementor-grid-item post-1814 post type-post status-publish format-standard has-post-thumbnail hentry category-epc\" role=\"listitem\">\n\t\t\t<div class=\"elementor-post__card\">\n\t\t\t\t<a class=\"elementor-post__thumbnail__link\" href=\"https:\/\/vastgoedexperts.be\/fr\/wat-is-een-epc-attest\/\" tabindex=\"-1\"><div class=\"elementor-post__thumbnail\"><img decoding=\"async\" width=\"1024\" height=\"594\" data-src=\"https:\/\/vastgoedexperts.be\/wp-content\/uploads\/2024\/08\/dienst-plaatsbeschrijving-1024x594-1.jpg\" class=\"attachment-large size-large wp-image-877 lazyload\" alt=\"\" data-srcset=\"https:\/\/vastgoedexperts.be\/wp-content\/uploads\/2024\/08\/dienst-plaatsbeschrijving-1024x594-1.jpg 1024w, https:\/\/vastgoedexperts.be\/wp-content\/uploads\/2024\/08\/dienst-plaatsbeschrijving-1024x594-1-300x174.jpg 300w, https:\/\/vastgoedexperts.be\/wp-content\/uploads\/2024\/08\/dienst-plaatsbeschrijving-1024x594-1-768x446.jpg 768w\" data-sizes=\"(max-width: 1024px) 100vw, 1024px\" src=\"data:image\/svg+xml;base64,PHN2ZyB3aWR0aD0iMSIgaGVpZ2h0PSIxIiB4bWxucz0iaHR0cDovL3d3dy53My5vcmcvMjAwMC9zdmciPjwvc3ZnPg==\" style=\"--smush-placeholder-width: 1024px; --smush-placeholder-aspect-ratio: 1024\/594;\" \/><\/div><\/a>\n\t\t\t\t<div class=\"elementor-post__badge\">EPC<\/div>\n\t\t\t\t<div class=\"elementor-post__text\">\n\t\t\t\t<h3 class=\"elementor-post__title\">\n\t\t\t<a href=\"https:\/\/vastgoedexperts.be\/fr\/wat-is-een-epc-attest\/\">\n\t\t\t\tQu'est-ce qu'un certificat EPC?\t\t\t<\/a>\n\t\t<\/h3>\n\t\t\t\t<div class=\"elementor-post__excerpt\">\n\t\t\t<p>Tout le monde a d\u00e9j\u00e0 entendu parler du certificat EPC. Il s'agit d'un document incontournable, en particulier pour les personnes qui cherchent \u00e0 acheter ou \u00e0 vendre un bien immobilier, car il donne une image claire de la performance \u00e9nerg\u00e9tique de l'habitation.<\/p>\n\t\t<\/div>\n\t\t\n\t\t<a class=\"elementor-post__read-more\" href=\"https:\/\/vastgoedexperts.be\/fr\/wat-is-een-epc-attest\/\" aria-label=\"En savoir plus sur Qu&#039;est-ce qu&#039;une attestation EPC ?\" tabindex=\"-1\">\n\t\t\tEn savoir plus\t\t<\/a>\n\n\t\t\t\t<\/div>\n\t\t\t\t\t<\/div>\n\t\t<\/article>\n\t\t\t\t<article class=\"elementor-post elementor-grid-item post-3422 post type-post status-publish format-standard has-post-thumbnail hentry category-mazzouttanksanering\" role=\"listitem\">\n\t\t\t<div class=\"elementor-post__card\">\n\t\t\t\t<a class=\"elementor-post__thumbnail__link\" href=\"https:\/\/vastgoedexperts.be\/fr\/mazouttank-buiten-gebruik-stellen-alles-wat-je-moet-weten\/\" tabindex=\"-1\"><div class=\"elementor-post__thumbnail\"><img decoding=\"async\" width=\"1024\" height=\"410\" data-src=\"https:\/\/vastgoedexperts.be\/wp-content\/uploads\/2024\/11\/foto-stookolie-1-1200x480-1-1024x410.jpg\" class=\"attachment-large size-large wp-image-3423 lazyload\" alt=\"\" data-srcset=\"https:\/\/vastgoedexperts.be\/wp-content\/uploads\/2024\/11\/foto-stookolie-1-1200x480-1-1024x410.jpg 1024w, https:\/\/vastgoedexperts.be\/wp-content\/uploads\/2024\/11\/foto-stookolie-1-1200x480-1-300x120.jpg 300w, https:\/\/vastgoedexperts.be\/wp-content\/uploads\/2024\/11\/foto-stookolie-1-1200x480-1-768x307.jpg 768w, https:\/\/vastgoedexperts.be\/wp-content\/uploads\/2024\/11\/foto-stookolie-1-1200x480-1-18x7.jpg 18w, https:\/\/vastgoedexperts.be\/wp-content\/uploads\/2024\/11\/foto-stookolie-1-1200x480-1.jpg 1200w\" data-sizes=\"(max-width: 1024px) 100vw, 1024px\" src=\"data:image\/svg+xml;base64,PHN2ZyB3aWR0aD0iMSIgaGVpZ2h0PSIxIiB4bWxucz0iaHR0cDovL3d3dy53My5vcmcvMjAwMC9zdmciPjwvc3ZnPg==\" style=\"--smush-placeholder-width: 1024px; --smush-placeholder-aspect-ratio: 1024\/410;\" \/><\/div><\/a>\n\t\t\t\t<div class=\"elementor-post__badge\">Assainissement des r\u00e9servoirs de Mazzout<\/div>\n\t\t\t\t<div class=\"elementor-post__text\">\n\t\t\t\t<h3 class=\"elementor-post__title\">\n\t\t\t<a href=\"https:\/\/vastgoedexperts.be\/fr\/mazouttank-buiten-gebruik-stellen-alles-wat-je-moet-weten\/\">\n\t\t\t\tD\u00e9mant\u00e8lement du r\u00e9servoir de mazout : Tout ce qu'il faut savoir\t\t\t<\/a>\n\t\t<\/h3>\n\t\t\t\t<div class=\"elementor-post__excerpt\">\n\t\t\t<p>De nombreuses personnes choisissent de dire adieu \u00e0 leur citerne de mazout et de passer \u00e0 d'autres modes de chauffage plus durables, comme le gaz naturel ou une pompe \u00e0 chaleur. Si vous souhaitez faire d\u00e9saffecter votre citerne \u00e0 mazout, son<\/p>\n\t\t<\/div>\n\t\t\n\t\t<a class=\"elementor-post__read-more\" href=\"https:\/\/vastgoedexperts.be\/fr\/mazouttank-buiten-gebruik-stellen-alles-wat-je-moet-weten\/\" aria-label=\"En savoir plus sur D\u00e9mant\u00e8lement du Mazouttank : Tout ce qu&#039;il faut savoir\" tabindex=\"-1\">\n\t\t\tEn savoir plus\t\t<\/a>\n\n\t\t\t\t<\/div>\n\t\t\t\t\t<\/div>\n\t\t<\/article>\n\t\t\t\t<article class=\"elementor-post elementor-grid-item post-3419 post type-post status-publish format-standard has-post-thumbnail hentry category-epc\" role=\"listitem\">\n\t\t\t<div class=\"elementor-post__card\">\n\t\t\t\t<a class=\"elementor-post__thumbnail__link\" href=\"https:\/\/vastgoedexperts.be\/fr\/verplichtingen-epc-niet-residentieel-5-belangrijke-deadlines\/\" tabindex=\"-1\"><div class=\"elementor-post__thumbnail\"><img decoding=\"async\" width=\"1024\" height=\"410\" data-src=\"https:\/\/vastgoedexperts.be\/wp-content\/uploads\/2024\/11\/foto-epc-blog-epc-nr-1200x480-1-1024x410.jpg\" class=\"attachment-large size-large wp-image-3428 lazyload\" alt=\"\u00e9tiquette \u00e9nerg\u00e9tique\" data-srcset=\"https:\/\/vastgoedexperts.be\/wp-content\/uploads\/2024\/11\/foto-epc-blog-epc-nr-1200x480-1-1024x410.jpg 1024w, https:\/\/vastgoedexperts.be\/wp-content\/uploads\/2024\/11\/foto-epc-blog-epc-nr-1200x480-1-300x120.jpg 300w, https:\/\/vastgoedexperts.be\/wp-content\/uploads\/2024\/11\/foto-epc-blog-epc-nr-1200x480-1-768x307.jpg 768w, https:\/\/vastgoedexperts.be\/wp-content\/uploads\/2024\/11\/foto-epc-blog-epc-nr-1200x480-1-18x7.jpg 18w, https:\/\/vastgoedexperts.be\/wp-content\/uploads\/2024\/11\/foto-epc-blog-epc-nr-1200x480-1.jpg 1200w\" data-sizes=\"(max-width: 1024px) 100vw, 1024px\" src=\"data:image\/svg+xml;base64,PHN2ZyB3aWR0aD0iMSIgaGVpZ2h0PSIxIiB4bWxucz0iaHR0cDovL3d3dy53My5vcmcvMjAwMC9zdmciPjwvc3ZnPg==\" style=\"--smush-placeholder-width: 1024px; --smush-placeholder-aspect-ratio: 1024\/410;\" \/><\/div><\/a>\n\t\t\t\t<div class=\"elementor-post__badge\">EPC<\/div>\n\t\t\t\t<div class=\"elementor-post__text\">\n\t\t\t\t<h3 class=\"elementor-post__title\">\n\t\t\t<a href=\"https:\/\/vastgoedexperts.be\/fr\/verplichtingen-epc-niet-residentieel-5-belangrijke-deadlines\/\">\n\t\t\t\tObligations EPC non r\u00e9sidentiel : 5 \u00e9ch\u00e9ances cl\u00e9s\t\t\t<\/a>\n\t\t<\/h3>\n\t\t\t\t<div class=\"elementor-post__excerpt\">\n\t\t\t<p>La l\u00e9gislation n'est jamais fig\u00e9e et la politique relative au certificat de performance \u00e9nerg\u00e9tique (EPC) des b\u00e2timents non r\u00e9sidentiels comporte \u00e9galement de nouvelles obligations. Mais \u00e0 quoi devez-vous tous pr\u00eater attention d\u00e8s \u00e0 pr\u00e9sent et \u00e0 quelle date devez-vous \u00eatre en r\u00e8gle ?<\/p>\n\t\t<\/div>\n\t\t\n\t\t<a class=\"elementor-post__read-more\" href=\"https:\/\/vastgoedexperts.be\/fr\/verplichtingen-epc-niet-residentieel-5-belangrijke-deadlines\/\" aria-label=\"En savoir plus sur Obligations EPC non r\u00e9sidentiel : 5 \u00e9ch\u00e9ances cl\u00e9s\" tabindex=\"-1\">\n\t\t\tEn savoir plus\t\t<\/a>\n\n\t\t\t\t<\/div>\n\t\t\t\t\t<\/div>\n\t\t<\/article>\n\t\t\t\t<article class=\"elementor-post elementor-grid-item post-3416 post type-post status-publish format-standard has-post-thumbnail hentry category-asbestattest\" role=\"listitem\">\n\t\t\t<div class=\"elementor-post__card\">\n\t\t\t\t<a class=\"elementor-post__thumbnail__link\" href=\"https:\/\/vastgoedexperts.be\/fr\/asbestattest-gemeenschappelijke-delen-voorkom-problemen-bij-verkoop\/\" tabindex=\"-1\"><div class=\"elementor-post__thumbnail\"><img decoding=\"async\" width=\"1024\" height=\"410\" data-src=\"https:\/\/vastgoedexperts.be\/wp-content\/uploads\/2024\/11\/Asbest-GD-1024x410.jpg\" class=\"attachment-large size-large wp-image-3417 lazyload\" alt=\"\" data-srcset=\"https:\/\/vastgoedexperts.be\/wp-content\/uploads\/2024\/11\/Asbest-GD-1024x410.jpg 1024w, https:\/\/vastgoedexperts.be\/wp-content\/uploads\/2024\/11\/Asbest-GD-300x120.jpg 300w, https:\/\/vastgoedexperts.be\/wp-content\/uploads\/2024\/11\/Asbest-GD-768x307.jpg 768w, https:\/\/vastgoedexperts.be\/wp-content\/uploads\/2024\/11\/Asbest-GD-18x7.jpg 18w, https:\/\/vastgoedexperts.be\/wp-content\/uploads\/2024\/11\/Asbest-GD.jpg 1200w\" data-sizes=\"(max-width: 1024px) 100vw, 1024px\" src=\"data:image\/svg+xml;base64,PHN2ZyB3aWR0aD0iMSIgaGVpZ2h0PSIxIiB4bWxucz0iaHR0cDovL3d3dy53My5vcmcvMjAwMC9zdmciPjwvc3ZnPg==\" style=\"--smush-placeholder-width: 1024px; --smush-placeholder-aspect-ratio: 1024\/410;\" \/><\/div><\/a>\n\t\t\t\t<div class=\"elementor-post__badge\">Certificat amiante<\/div>\n\t\t\t\t<div class=\"elementor-post__text\">\n\t\t\t\t<h3 class=\"elementor-post__title\">\n\t\t\t<a href=\"https:\/\/vastgoedexperts.be\/fr\/asbestattest-gemeenschappelijke-delen-voorkom-problemen-bij-verkoop\/\">\n\t\t\t\tCertificat amiante pour les parties communes : \u00c9viter les probl\u00e8mes lors de la vente\t\t\t<\/a>\n\t\t<\/h3>\n\t\t\t\t<div class=\"elementor-post__excerpt\">\n\t\t\t<p>En tant que propri\u00e9taire d'un bien immobilier, vous connaissez sans doute d\u00e9j\u00e0 le certificat amiante qui est obligatoire lors de la vente d'un bien immobilier. Mais \u00e0 partir du 1er mai 2025, un certificat d'amiante deviendra \u00e9galement obligatoire pour les parties communes<\/p>\n\t\t<\/div>\n\t\t\n\t\t<a class=\"elementor-post__read-more\" href=\"https:\/\/vastgoedexperts.be\/fr\/asbestattest-gemeenschappelijke-delen-voorkom-problemen-bij-verkoop\/\" aria-label=\"En savoir plus sur Certificat amiante parties communes : Eviter les probl\u00e8mes lors de la vente\" tabindex=\"-1\">\n\t\t\tEn savoir plus\t\t<\/a>\n\n\t\t\t\t<\/div>\n\t\t\t\t\t<\/div>\n\t\t<\/article>\n\t\t\t\t<article class=\"elementor-post elementor-grid-item post-3410 post type-post status-publish format-standard has-post-thumbnail hentry category-epc\" role=\"listitem\">\n\t\t\t<div class=\"elementor-post__card\">\n\t\t\t\t<a class=\"elementor-post__thumbnail__link\" href=\"https:\/\/vastgoedexperts.be\/fr\/het-energielabel-van-2050\/\" tabindex=\"-1\"><div class=\"elementor-post__thumbnail\"><img decoding=\"async\" width=\"684\" height=\"306\" data-src=\"https:\/\/vastgoedexperts.be\/wp-content\/uploads\/2024\/11\/Visual.png\" class=\"attachment-large size-large wp-image-3411 lazyload\" alt=\"\" data-srcset=\"https:\/\/vastgoedexperts.be\/wp-content\/uploads\/2024\/11\/Visual.png 684w, https:\/\/vastgoedexperts.be\/wp-content\/uploads\/2024\/11\/Visual-300x134.png 300w, https:\/\/vastgoedexperts.be\/wp-content\/uploads\/2024\/11\/Visual-18x8.png 18w\" data-sizes=\"(max-width: 684px) 100vw, 684px\" src=\"data:image\/svg+xml;base64,PHN2ZyB3aWR0aD0iMSIgaGVpZ2h0PSIxIiB4bWxucz0iaHR0cDovL3d3dy53My5vcmcvMjAwMC9zdmciPjwvc3ZnPg==\" style=\"--smush-placeholder-width: 684px; --smush-placeholder-aspect-ratio: 684\/306;\" \/><\/div><\/a>\n\t\t\t\t<div class=\"elementor-post__badge\">EPC<\/div>\n\t\t\t\t<div class=\"elementor-post__text\">\n\t\t\t\t<h3 class=\"elementor-post__title\">\n\t\t\t<a href=\"https:\/\/vastgoedexperts.be\/fr\/het-energielabel-van-2050\/\">\n\t\t\t\tLe label \u00e9nerg\u00e9tique 2050\t\t\t<\/a>\n\t\t<\/h3>\n\t\t\t\t<div class=\"elementor-post__excerpt\">\n\t\t\t<p>Vous en avez certainement entendu parler. Energielabel2050 a \u00e9t\u00e9 cr\u00e9\u00e9 par le gouvernement flamand pour r\u00e9duire les \u00e9missions de CO2. Le gouvernement souhaite que chaque maison soit \u00e9conome en \u00e9nergie d'ici 2050. Pour<\/p>\n\t\t<\/div>\n\t\t\n\t\t<a class=\"elementor-post__read-more\" href=\"https:\/\/vastgoedexperts.be\/fr\/het-energielabel-van-2050\/\" aria-label=\"En savoir plus sur L&#039;\u00e9tiquette \u00e9nergie 2050\" tabindex=\"-1\">\n\t\t\tEn savoir plus\t\t<\/a>\n\n\t\t\t\t<\/div>\n\t\t\t\t\t<\/div>\n\t\t<\/article>\n\t\t\t\t<article class=\"elementor-post elementor-grid-item post-3408 post type-post status-publish format-standard has-post-thumbnail hentry category-asbestattest\" role=\"listitem\">\n\t\t\t<div class=\"elementor-post__card\">\n\t\t\t\t<a class=\"elementor-post__thumbnail__link\" href=\"https:\/\/vastgoedexperts.be\/fr\/hoe-ziet-een-asbestinventaris-eruit\/\" tabindex=\"-1\"><div class=\"elementor-post__thumbnail\"><img decoding=\"async\" width=\"1024\" height=\"682\" data-src=\"https:\/\/vastgoedexperts.be\/wp-content\/uploads\/2024\/08\/Asbestinventaris-image-1024x682.jpg\" class=\"attachment-large size-large wp-image-1655 lazyload\" alt=\"\" data-srcset=\"https:\/\/vastgoedexperts.be\/wp-content\/uploads\/2024\/08\/Asbestinventaris-image-1024x682.jpg 1024w, https:\/\/vastgoedexperts.be\/wp-content\/uploads\/2024\/08\/Asbestinventaris-image-300x200.jpg 300w, https:\/\/vastgoedexperts.be\/wp-content\/uploads\/2024\/08\/Asbestinventaris-image-768x512.jpg 768w, https:\/\/vastgoedexperts.be\/wp-content\/uploads\/2024\/08\/Asbestinventaris-image-1536x1024.jpg 1536w, https:\/\/vastgoedexperts.be\/wp-content\/uploads\/2024\/08\/Asbestinventaris-image.jpg 2000w\" data-sizes=\"(max-width: 1024px) 100vw, 1024px\" src=\"data:image\/svg+xml;base64,PHN2ZyB3aWR0aD0iMSIgaGVpZ2h0PSIxIiB4bWxucz0iaHR0cDovL3d3dy53My5vcmcvMjAwMC9zdmciPjwvc3ZnPg==\" style=\"--smush-placeholder-width: 1024px; --smush-placeholder-aspect-ratio: 1024\/682;\" \/><\/div><\/a>\n\t\t\t\t<div class=\"elementor-post__badge\">Certificat amiante<\/div>\n\t\t\t\t<div class=\"elementor-post__text\">\n\t\t\t\t<h3 class=\"elementor-post__title\">\n\t\t\t<a href=\"https:\/\/vastgoedexperts.be\/fr\/hoe-ziet-een-asbestinventaris-eruit\/\">\n\t\t\t\t\u00c0 quoi ressemble un certificat amiante?\t\t\t<\/a>\n\t\t<\/h3>\n\t\t\t\t<div class=\"elementor-post__excerpt\">\n\t\t\t<p>Dans le pass\u00e9, le dangereux amiante \u00e9tait souvent utilis\u00e9 dans la construction en raison de ses propri\u00e9t\u00e9s de r\u00e9sistance \u00e0 la chaleur, d'isolation et de r\u00e9sistance \u00e0 l'humidit\u00e9. Malheureusement, l'exposition \u00e0 l'amiante peut entra\u00eener des maladies graves, voire mortelles, telles que le cancer du poumon, l'asbestose<\/p>\n\t\t<\/div>\n\t\t\n\t\t<a class=\"elementor-post__read-more\" href=\"https:\/\/vastgoedexperts.be\/fr\/hoe-ziet-een-asbestinventaris-eruit\/\" aria-label=\"En savoir plus sur A quoi ressemble un inventaire amiante ?\" tabindex=\"-1\">\n\t\t\tEn savoir plus\t\t<\/a>\n\n\t\t\t\t<\/div>\n\t\t\t\t\t<\/div>\n\t\t<\/article>\n\t\t\t\t<article class=\"elementor-post elementor-grid-item post-3406 post type-post status-publish format-standard has-post-thumbnail hentry category-immoborden\" role=\"listitem\">\n\t\t\t<div class=\"elementor-post__card\">\n\t\t\t\t<a class=\"elementor-post__thumbnail__link\" href=\"https:\/\/vastgoedexperts.be\/fr\/nieuw-concept-uitbreiding-immoborden-2022\/\" tabindex=\"-1\"><div class=\"elementor-post__thumbnail\"><img decoding=\"async\" width=\"1024\" height=\"576\" data-src=\"https:\/\/vastgoedexperts.be\/wp-content\/uploads\/2024\/08\/Immobord-te-koop-1024x576.jpg\" class=\"attachment-large size-large wp-image-1630 lazyload\" alt=\"Immobiles pour l&#039;immobilier\" data-srcset=\"https:\/\/vastgoedexperts.be\/wp-content\/uploads\/2024\/08\/Immobord-te-koop-1024x576.jpg 1024w, https:\/\/vastgoedexperts.be\/wp-content\/uploads\/2024\/08\/Immobord-te-koop-300x169.jpg 300w, https:\/\/vastgoedexperts.be\/wp-content\/uploads\/2024\/08\/Immobord-te-koop-768x432.jpg 768w, https:\/\/vastgoedexperts.be\/wp-content\/uploads\/2024\/08\/Immobord-te-koop-1536x864.jpg 1536w, https:\/\/vastgoedexperts.be\/wp-content\/uploads\/2024\/08\/Immobord-te-koop.jpg 1920w\" data-sizes=\"(max-width: 1024px) 100vw, 1024px\" src=\"data:image\/svg+xml;base64,PHN2ZyB3aWR0aD0iMSIgaGVpZ2h0PSIxIiB4bWxucz0iaHR0cDovL3d3dy53My5vcmcvMjAwMC9zdmciPjwvc3ZnPg==\" style=\"--smush-placeholder-width: 1024px; --smush-placeholder-aspect-ratio: 1024\/576;\" \/><\/div><\/a>\n\t\t\t\t<div class=\"elementor-post__badge\">Panneaux immobiliers<\/div>\n\t\t\t\t<div class=\"elementor-post__text\">\n\t\t\t\t<h3 class=\"elementor-post__title\">\n\t\t\t<a href=\"https:\/\/vastgoedexperts.be\/fr\/nieuw-concept-uitbreiding-immoborden-2022\/\">\n\t\t\t\tNouveau concept et expansion des panneaux immobiliers 2022\t\t\t<\/a>\n\t\t<\/h3>\n\t\t\t\t<div class=\"elementor-post__excerpt\">\n\t\t\t<p>Un panneau immobilier est depuis longtemps un \u00e9l\u00e9ment important de votre marketing en tant qu'agent immobilier. Lorsque ces panneaux sont de qualit\u00e9 et uniques, vous vous d\u00e9marquez de la foule en tant qu'agent immobilier. Chez Real Estate Experts, nous en sommes conscients<\/p>\n\t\t<\/div>\n\t\t\n\t\t<a class=\"elementor-post__read-more\" href=\"https:\/\/vastgoedexperts.be\/fr\/nieuw-concept-uitbreiding-immoborden-2022\/\" aria-label=\"En savoir plus sur Nouveaux concepts et nouvelles technologies pour l&#039;immobilier 2022\" tabindex=\"-1\">\n\t\t\tEn savoir plus\t\t<\/a>\n\n\t\t\t\t<\/div>\n\t\t\t\t\t<\/div>\n\t\t<\/article>\n\t\t\t\t<article class=\"elementor-post elementor-grid-item post-3404 post type-post status-publish format-standard has-post-thumbnail hentry category-mazzouttanksanering\" role=\"listitem\">\n\t\t\t<div class=\"elementor-post__card\">\n\t\t\t\t<a class=\"elementor-post__thumbnail__link\" href=\"https:\/\/vastgoedexperts.be\/fr\/nog-meer-onder-een-dak-stookolietank-sanering\/\" tabindex=\"-1\"><div class=\"elementor-post__thumbnail\"><img decoding=\"async\" width=\"1024\" height=\"682\" data-src=\"https:\/\/vastgoedexperts.be\/wp-content\/uploads\/2024\/08\/Reinigen_img-1-1024x682.jpg\" class=\"attachment-large size-large wp-image-1608 lazyload\" alt=\"\" data-srcset=\"https:\/\/vastgoedexperts.be\/wp-content\/uploads\/2024\/08\/Reinigen_img-1-1024x682.jpg 1024w, https:\/\/vastgoedexperts.be\/wp-content\/uploads\/2024\/08\/Reinigen_img-1-300x200.jpg 300w, https:\/\/vastgoedexperts.be\/wp-content\/uploads\/2024\/08\/Reinigen_img-1-768x512.jpg 768w, https:\/\/vastgoedexperts.be\/wp-content\/uploads\/2024\/08\/Reinigen_img-1-1536x1024.jpg 1536w, https:\/\/vastgoedexperts.be\/wp-content\/uploads\/2024\/08\/Reinigen_img-1.jpg 1700w\" data-sizes=\"(max-width: 1024px) 100vw, 1024px\" src=\"data:image\/svg+xml;base64,PHN2ZyB3aWR0aD0iMSIgaGVpZ2h0PSIxIiB4bWxucz0iaHR0cDovL3d3dy53My5vcmcvMjAwMC9zdmciPjwvc3ZnPg==\" style=\"--smush-placeholder-width: 1024px; --smush-placeholder-aspect-ratio: 1024\/682;\" \/><\/div><\/a>\n\t\t\t\t<div class=\"elementor-post__badge\">Assainissement des r\u00e9servoirs de Mazzout<\/div>\n\t\t\t\t<div class=\"elementor-post__text\">\n\t\t\t\t<h3 class=\"elementor-post__title\">\n\t\t\t<a href=\"https:\/\/vastgoedexperts.be\/fr\/nog-meer-onder-een-dak-stookolietank-sanering\/\">\n\t\t\t\tEncore plus sous un m\u00eame toit : assainissement des cuves \u00e0 mazout\t\t\t<\/a>\n\t\t<\/h3>\n\t\t\t\t<div class=\"elementor-post__excerpt\">\n\t\t\t<p>Nous proposons depuis peu un nouveau service : l'assainissement des citernes \u00e0 mazout. Vous pouvez vous adresser \u00e0 Tanksanering Vastgoed Experts pour l'assainissement des citernes, l'inspection des citernes et l'installation de citernes \u00e0 mazout. Dans ce blog, nous vous expliquons ce qu'est l'assainissement d'une citerne \u00e0 mazout.<\/p>\n\t\t<\/div>\n\t\t\n\t\t<a class=\"elementor-post__read-more\" href=\"https:\/\/vastgoedexperts.be\/fr\/nog-meer-onder-een-dak-stookolietank-sanering\/\" aria-label=\"En savoir plus sur Encore plus sous un m\u00eame toit : l&#039;assainissement des cuves \u00e0 mazout\" tabindex=\"-1\">\n\t\t\tEn savoir plus\t\t<\/a>\n\n\t\t\t\t<\/div>\n\t\t\t\t\t<\/div>\n\t\t<\/article>\n\t\t\t\t<article class=\"elementor-post elementor-grid-item post-3401 post type-post status-publish format-standard has-post-thumbnail hentry category-plaatsbeschrijving\" role=\"listitem\">\n\t\t\t<div class=\"elementor-post__card\">\n\t\t\t\t<a class=\"elementor-post__thumbnail__link\" href=\"https:\/\/vastgoedexperts.be\/fr\/wat-is-een-plaatsbeschrijving\/\" tabindex=\"-1\"><div class=\"elementor-post__thumbnail\"><img decoding=\"async\" width=\"1024\" height=\"455\" data-src=\"https:\/\/vastgoedexperts.be\/wp-content\/uploads\/2024\/11\/dienst-plaatsbeschrijving-1080x480-1-1024x455.jpg\" class=\"attachment-large size-large wp-image-3402 lazyload\" alt=\"\" data-srcset=\"https:\/\/vastgoedexperts.be\/wp-content\/uploads\/2024\/11\/dienst-plaatsbeschrijving-1080x480-1-1024x455.jpg 1024w, https:\/\/vastgoedexperts.be\/wp-content\/uploads\/2024\/11\/dienst-plaatsbeschrijving-1080x480-1-300x133.jpg 300w, https:\/\/vastgoedexperts.be\/wp-content\/uploads\/2024\/11\/dienst-plaatsbeschrijving-1080x480-1-768x341.jpg 768w, https:\/\/vastgoedexperts.be\/wp-content\/uploads\/2024\/11\/dienst-plaatsbeschrijving-1080x480-1-18x8.jpg 18w, https:\/\/vastgoedexperts.be\/wp-content\/uploads\/2024\/11\/dienst-plaatsbeschrijving-1080x480-1.jpg 1080w\" data-sizes=\"(max-width: 1024px) 100vw, 1024px\" src=\"data:image\/svg+xml;base64,PHN2ZyB3aWR0aD0iMSIgaGVpZ2h0PSIxIiB4bWxucz0iaHR0cDovL3d3dy53My5vcmcvMjAwMC9zdmciPjwvc3ZnPg==\" style=\"--smush-placeholder-width: 1024px; --smush-placeholder-aspect-ratio: 1024\/455;\" \/><\/div><\/a>\n\t\t\t\t<div class=\"elementor-post__badge\">Etat des lieux<\/div>\n\t\t\t\t<div class=\"elementor-post__text\">\n\t\t\t\t<h3 class=\"elementor-post__title\">\n\t\t\t<a href=\"https:\/\/vastgoedexperts.be\/fr\/wat-is-een-plaatsbeschrijving\/\">\n\t\t\t\tQu'est-ce qu'un \u00e9tat des lieux?\t\t\t<\/a>\n\t\t<\/h3>\n\t\t\t\t<div class=\"elementor-post__excerpt\">\n\t\t\t<p>La description d'un site, \u00e9galement connue sous le nom d'\"\u00e9tat des lieux\", est un enregistrement complet de l'\u00e9tat r\u00e9el d'un bien immobilier \u00e0 un moment donn\u00e9. Ce document \u00e9num\u00e8re toute une s\u00e9rie de caract\u00e9ristiques et de d\u00e9tails du bien. Souvent, il s'agit d'une<\/p>\n\t\t<\/div>\n\t\t\n\t\t<a class=\"elementor-post__read-more\" href=\"https:\/\/vastgoedexperts.be\/fr\/wat-is-een-plaatsbeschrijving\/\" aria-label=\"En savoir plus sur Qu&#039;est-ce qu&#039;un espace r\u00e9serv\u00e9 ?\" tabindex=\"-1\">\n\t\t\tEn savoir plus\t\t<\/a>\n\n\t\t\t\t<\/div>\n\t\t\t\t\t<\/div>\n\t\t<\/article>\n\t\t\t\t<article class=\"elementor-post elementor-grid-item post-3398 post type-post status-publish format-standard has-post-thumbnail hentry category-asbestattest\" role=\"listitem\">\n\t\t\t<div class=\"elementor-post__card\">\n\t\t\t\t<a class=\"elementor-post__thumbnail__link\" href=\"https:\/\/vastgoedexperts.be\/fr\/asbestinventaris-verplicht-vanaf-november-2022-wat-houdt-het-in\/\" tabindex=\"-1\"><div class=\"elementor-post__thumbnail\"><img decoding=\"async\" width=\"1024\" height=\"594\" data-src=\"https:\/\/vastgoedexperts.be\/wp-content\/uploads\/2024\/11\/Asbest-1024x594-1.jpg\" class=\"attachment-large size-large wp-image-3399 lazyload\" alt=\"\" data-srcset=\"https:\/\/vastgoedexperts.be\/wp-content\/uploads\/2024\/11\/Asbest-1024x594-1.jpg 1024w, https:\/\/vastgoedexperts.be\/wp-content\/uploads\/2024\/11\/Asbest-1024x594-1-300x174.jpg 300w, https:\/\/vastgoedexperts.be\/wp-content\/uploads\/2024\/11\/Asbest-1024x594-1-768x446.jpg 768w, https:\/\/vastgoedexperts.be\/wp-content\/uploads\/2024\/11\/Asbest-1024x594-1-18x10.jpg 18w\" data-sizes=\"(max-width: 1024px) 100vw, 1024px\" src=\"data:image\/svg+xml;base64,PHN2ZyB3aWR0aD0iMSIgaGVpZ2h0PSIxIiB4bWxucz0iaHR0cDovL3d3dy53My5vcmcvMjAwMC9zdmciPjwvc3ZnPg==\" style=\"--smush-placeholder-width: 1024px; --smush-placeholder-aspect-ratio: 1024\/594;\" \/><\/div><\/a>\n\t\t\t\t<div class=\"elementor-post__badge\">Certificat amiante<\/div>\n\t\t\t\t<div class=\"elementor-post__text\">\n\t\t\t\t<h3 class=\"elementor-post__title\">\n\t\t\t<a href=\"https:\/\/vastgoedexperts.be\/fr\/asbestinventaris-verplicht-vanaf-november-2022-wat-houdt-het-in\/\">\n\t\t\t\tCertificat amiante obligatoire \u00e0 partir de novembre 2022 : en quoi consiste-t-il ?\t\t\t<\/a>\n\t\t<\/h3>\n\t\t\t\t<div class=\"elementor-post__excerpt\">\n\t\t\t<p>Le 23 novembre 2022, le nouvel inventaire de l'amiante sera rendu obligatoire par l'OVAM, l'objectif \u00e9tant de parvenir \u00e0 une Flandre sans amiante d'ici 2040. Par exemple, sans le certificat amiante, vous ne pouvez plus faire \u00e9tablir d'actes. Mais qu'est-ce que<\/p>\n\t\t<\/div>\n\t\t\n\t\t<a class=\"elementor-post__read-more\" href=\"https:\/\/vastgoedexperts.be\/fr\/asbestinventaris-verplicht-vanaf-november-2022-wat-houdt-het-in\/\" aria-label=\"En savoir plus sur Inventaire amiante obligatoire \u00e0 partir de novembre 2022 : qu&#039;est-ce que cela implique ?\" tabindex=\"-1\">\n\t\t\tEn savoir plus\t\t<\/a>\n\n\t\t\t\t<\/div>\n\t\t\t\t\t<\/div>\n\t\t<\/article>\n\t\t\t\t<article class=\"elementor-post elementor-grid-item post-3395 post type-post status-publish format-standard has-post-thumbnail hentry category-vastgoedfotografie\" role=\"listitem\">\n\t\t\t<div class=\"elementor-post__card\">\n\t\t\t\t<a class=\"elementor-post__thumbnail__link\" href=\"https:\/\/vastgoedexperts.be\/fr\/het-belang-van-goede-vastgoedfotografie\/\" tabindex=\"-1\"><div class=\"elementor-post__thumbnail\"><img decoding=\"async\" width=\"768\" height=\"432\" data-src=\"https:\/\/vastgoedexperts.be\/wp-content\/uploads\/2024\/11\/vastgoedfotografie-768x432-1.jpeg\" class=\"attachment-large size-large wp-image-3396 lazyload\" alt=\"\" data-srcset=\"https:\/\/vastgoedexperts.be\/wp-content\/uploads\/2024\/11\/vastgoedfotografie-768x432-1.jpeg 768w, https:\/\/vastgoedexperts.be\/wp-content\/uploads\/2024\/11\/vastgoedfotografie-768x432-1-300x169.jpeg 300w, https:\/\/vastgoedexperts.be\/wp-content\/uploads\/2024\/11\/vastgoedfotografie-768x432-1-18x10.jpeg 18w\" data-sizes=\"(max-width: 768px) 100vw, 768px\" src=\"data:image\/svg+xml;base64,PHN2ZyB3aWR0aD0iMSIgaGVpZ2h0PSIxIiB4bWxucz0iaHR0cDovL3d3dy53My5vcmcvMjAwMC9zdmciPjwvc3ZnPg==\" style=\"--smush-placeholder-width: 768px; --smush-placeholder-aspect-ratio: 768\/432;\" \/><\/div><\/a>\n\t\t\t\t<div class=\"elementor-post__badge\">Photographie immobili\u00e8re<\/div>\n\t\t\t\t<div class=\"elementor-post__text\">\n\t\t\t\t<h3 class=\"elementor-post__title\">\n\t\t\t<a href=\"https:\/\/vastgoedexperts.be\/fr\/het-belang-van-goede-vastgoedfotografie\/\">\n\t\t\t\tL'importance d'une bonne photographie immobili\u00e8re\t\t\t<\/a>\n\t\t<\/h3>\n\t\t\t\t<div class=\"elementor-post__excerpt\">\n\t\t\t<p>Chaque bien immobilier est unique. Il en va de m\u00eame pour les photos immobili\u00e8res. Parce que chaque propri\u00e9t\u00e9 a son propre style et son propre caract\u00e8re, chaque maison ou appartement m\u00e9rite \u00e9galement une approche individuelle pour le pr\u00e9senter sous son meilleur jour.<\/p>\n\t\t<\/div>\n\t\t\n\t\t<a class=\"elementor-post__read-more\" href=\"https:\/\/vastgoedexperts.be\/fr\/het-belang-van-goede-vastgoedfotografie\/\" aria-label=\"En savoir plus sur L&#039;importance d&#039;une bonne photographie immobili\u00e8re\" tabindex=\"-1\">\n\t\t\tEn savoir plus\t\t<\/a>\n\n\t\t\t\t<\/div>\n\t\t\t\t\t<\/div>\n\t\t<\/article>\n\t\t\t\t<article class=\"elementor-post elementor-grid-item post-3393 post type-post status-publish format-standard has-post-thumbnail hentry category-elektrische-keuring\" role=\"listitem\">\n\t\t\t<div class=\"elementor-post__card\">\n\t\t\t\t<a class=\"elementor-post__thumbnail__link\" href=\"https:\/\/vastgoedexperts.be\/fr\/keuring-van-je-elektrische-installatie-arei\/\" tabindex=\"-1\"><div class=\"elementor-post__thumbnail\"><img decoding=\"async\" width=\"1024\" height=\"531\" data-src=\"https:\/\/vastgoedexperts.be\/wp-content\/uploads\/2024\/12\/Elektrische-keuring-header-1-1024x531.webp\" class=\"attachment-large size-large wp-image-3956 lazyload\" alt=\"Inspection \u00e9lectrique de la propri\u00e9t\u00e9\" data-srcset=\"https:\/\/vastgoedexperts.be\/wp-content\/uploads\/2024\/12\/Elektrische-keuring-header-1-1024x531.webp 1024w, https:\/\/vastgoedexperts.be\/wp-content\/uploads\/2024\/12\/Elektrische-keuring-header-1-300x156.webp 300w, https:\/\/vastgoedexperts.be\/wp-content\/uploads\/2024\/12\/Elektrische-keuring-header-1-768x398.webp 768w, https:\/\/vastgoedexperts.be\/wp-content\/uploads\/2024\/12\/Elektrische-keuring-header-1-18x9.webp 18w, https:\/\/vastgoedexperts.be\/wp-content\/uploads\/2024\/12\/Elektrische-keuring-header-1.webp 1500w\" data-sizes=\"(max-width: 1024px) 100vw, 1024px\" src=\"data:image\/svg+xml;base64,PHN2ZyB3aWR0aD0iMSIgaGVpZ2h0PSIxIiB4bWxucz0iaHR0cDovL3d3dy53My5vcmcvMjAwMC9zdmciPjwvc3ZnPg==\" style=\"--smush-placeholder-width: 1024px; --smush-placeholder-aspect-ratio: 1024\/531;\" \/><\/div><\/a>\n\t\t\t\t<div class=\"elementor-post__badge\">Inspection \u00e9lectrique<\/div>\n\t\t\t\t<div class=\"elementor-post__text\">\n\t\t\t\t<h3 class=\"elementor-post__title\">\n\t\t\t<a href=\"https:\/\/vastgoedexperts.be\/fr\/keuring-van-je-elektrische-installatie-arei\/\">\n\t\t\t\tContr\u00f4le de votre installation \u00e9lectrique (AREI)\t\t\t<\/a>\n\t\t<\/h3>\n\t\t\t\t<div class=\"elementor-post__excerpt\">\n\t\t\t<p>L'\u00e9lectricit\u00e9 est une chose si banale que nous ne nous attardons pas sur son fonctionnement. Plus que jamais, l'\u00e9lectricit\u00e9 fait partie de notre vie quotidienne. Presque tous les gadgets innovants qui apparaissent sur le march\u00e9 sont \u00e0 multiples<\/p>\n\t\t<\/div>\n\t\t\n\t\t<a class=\"elementor-post__read-more\" href=\"https:\/\/vastgoedexperts.be\/fr\/keuring-van-je-elektrische-installatie-arei\/\" aria-label=\"En savoir plus sur Contr\u00f4le de votre installation \u00e9lectrique (AREI)\" tabindex=\"-1\">\n\t\t\tEn savoir plus\t\t<\/a>\n\n\t\t\t\t<\/div>\n\t\t\t\t\t<\/div>\n\t\t<\/article>\n\t\t\t\t<article class=\"elementor-post elementor-grid-item post-3390 post type-post status-publish format-standard has-post-thumbnail hentry category-epc\" role=\"listitem\">\n\t\t\t<div class=\"elementor-post__card\">\n\t\t\t\t<a class=\"elementor-post__thumbnail__link\" href=\"https:\/\/vastgoedexperts.be\/fr\/deze-keuringen-heb-je-nodig-bij-de-verkoop-verhuur-van-een-woning\/\" tabindex=\"-1\"><div class=\"elementor-post__thumbnail\"><img decoding=\"async\" width=\"1024\" height=\"410\" data-src=\"https:\/\/vastgoedexperts.be\/wp-content\/uploads\/2024\/11\/Blog-epc-1024x410.jpeg\" class=\"attachment-large size-large wp-image-3391 lazyload\" alt=\"\" data-srcset=\"https:\/\/vastgoedexperts.be\/wp-content\/uploads\/2024\/11\/Blog-epc-1024x410.jpeg 1024w, https:\/\/vastgoedexperts.be\/wp-content\/uploads\/2024\/11\/Blog-epc-300x120.jpeg 300w, https:\/\/vastgoedexperts.be\/wp-content\/uploads\/2024\/11\/Blog-epc-768x307.jpeg 768w, https:\/\/vastgoedexperts.be\/wp-content\/uploads\/2024\/11\/Blog-epc-18x7.jpeg 18w, https:\/\/vastgoedexperts.be\/wp-content\/uploads\/2024\/11\/Blog-epc.jpeg 1200w\" data-sizes=\"(max-width: 1024px) 100vw, 1024px\" src=\"data:image\/svg+xml;base64,PHN2ZyB3aWR0aD0iMSIgaGVpZ2h0PSIxIiB4bWxucz0iaHR0cDovL3d3dy53My5vcmcvMjAwMC9zdmciPjwvc3ZnPg==\" style=\"--smush-placeholder-width: 1024px; --smush-placeholder-aspect-ratio: 1024\/410;\" \/><\/div><\/a>\n\t\t\t\t<div class=\"elementor-post__badge\">EPC<\/div>\n\t\t\t\t<div class=\"elementor-post__text\">\n\t\t\t\t<h3 class=\"elementor-post__title\">\n\t\t\t<a href=\"https:\/\/vastgoedexperts.be\/fr\/deze-keuringen-heb-je-nodig-bij-de-verkoop-verhuur-van-een-woning\/\">\n\t\t\t\tCes inspections sont n\u00e9cessaires lors de la vente ou de la location d'un bien immobilier.\t\t\t<\/a>\n\t\t<\/h3>\n\t\t\t\t<div class=\"elementor-post__excerpt\">\n\t\t\t<p>La vente ou la location d'un bien immobilier implique de nombreuses d\u00e9marches. Dans les annonces de vente, par exemple, il est obligatoire de mentionner certaines informations. Les inspections obligatoires sont donc tr\u00e8s importantes. Nous expliquons quels sont les contr\u00f4les<\/p>\n\t\t<\/div>\n\t\t\n\t\t<a class=\"elementor-post__read-more\" href=\"https:\/\/vastgoedexperts.be\/fr\/deze-keuringen-heb-je-nodig-bij-de-verkoop-verhuur-van-een-woning\/\" aria-label=\"En savoir plus sur Deze keurings heb je nodig bij de verkoop\/verhuur van een woning\" tabindex=\"-1\">\n\t\t\tEn savoir plus\t\t<\/a>\n\n\t\t\t\t<\/div>\n\t\t\t\t\t<\/div>\n\t\t<\/article>\n\t\t\t\t<article class=\"elementor-post elementor-grid-item post-3387 post type-post status-publish format-standard has-post-thumbnail hentry category-epc\" role=\"listitem\">\n\t\t\t<div class=\"elementor-post__card\">\n\t\t\t\t<a class=\"elementor-post__thumbnail__link\" href=\"https:\/\/vastgoedexperts.be\/fr\/belangrijke-aanpassing-bij-epc-keuring-van-gemeenschappelijke-delen\/\" tabindex=\"-1\"><div class=\"elementor-post__thumbnail\"><img decoding=\"async\" width=\"1024\" height=\"410\" data-src=\"https:\/\/vastgoedexperts.be\/wp-content\/uploads\/2024\/11\/EPC_GD-1200x834-1-1200x480-1-1024x410.jpeg\" class=\"attachment-large size-large wp-image-3388 lazyload\" alt=\"\" data-srcset=\"https:\/\/vastgoedexperts.be\/wp-content\/uploads\/2024\/11\/EPC_GD-1200x834-1-1200x480-1-1024x410.jpeg 1024w, https:\/\/vastgoedexperts.be\/wp-content\/uploads\/2024\/11\/EPC_GD-1200x834-1-1200x480-1-300x120.jpeg 300w, https:\/\/vastgoedexperts.be\/wp-content\/uploads\/2024\/11\/EPC_GD-1200x834-1-1200x480-1-768x307.jpeg 768w, https:\/\/vastgoedexperts.be\/wp-content\/uploads\/2024\/11\/EPC_GD-1200x834-1-1200x480-1-18x7.jpeg 18w, https:\/\/vastgoedexperts.be\/wp-content\/uploads\/2024\/11\/EPC_GD-1200x834-1-1200x480-1.jpeg 1200w\" data-sizes=\"(max-width: 1024px) 100vw, 1024px\" src=\"data:image\/svg+xml;base64,PHN2ZyB3aWR0aD0iMSIgaGVpZ2h0PSIxIiB4bWxucz0iaHR0cDovL3d3dy53My5vcmcvMjAwMC9zdmciPjwvc3ZnPg==\" style=\"--smush-placeholder-width: 1024px; --smush-placeholder-aspect-ratio: 1024\/410;\" \/><\/div><\/a>\n\t\t\t\t<div class=\"elementor-post__badge\">EPC<\/div>\n\t\t\t\t<div class=\"elementor-post__text\">\n\t\t\t\t<h3 class=\"elementor-post__title\">\n\t\t\t<a href=\"https:\/\/vastgoedexperts.be\/fr\/belangrijke-aanpassing-bij-epc-keuring-van-gemeenschappelijke-delen\/\">\n\t\t\t\tAjustement important dans l'EPC des parties communes\t\t\t<\/a>\n\t\t<\/h3>\n\t\t\t\t<div class=\"elementor-post__excerpt\">\n\t\t\t<p>Le gouvernement flamand modifie le calendrier pour le CPE des parties communes. Pour les immeubles d'habitation d'au moins 15 unit\u00e9s r\u00e9sidentielles, la date limite du 1\/1\/2022 est maintenue. Les immeubles plus petits b\u00e9n\u00e9ficieront d'un report de 1 ou 2 ans. Selon la r\u00e9glementation actuelle,<\/p>\n\t\t<\/div>\n\t\t\n\t\t<a class=\"elementor-post__read-more\" href=\"https:\/\/vastgoedexperts.be\/fr\/belangrijke-aanpassing-bij-epc-keuring-van-gemeenschappelijke-delen\/\" aria-label=\"En savoir plus sur Ajustement important lors de l&#039;inspection des parties communes de l&#039;EPC\" tabindex=\"-1\">\n\t\t\tEn savoir plus\t\t<\/a>\n\n\t\t\t\t<\/div>\n\t\t\t\t\t<\/div>\n\t\t<\/article>\n\t\t\t\t<article class=\"elementor-post elementor-grid-item post-3383 post type-post status-publish format-standard has-post-thumbnail hentry category-epc\" role=\"listitem\">\n\t\t\t<div class=\"elementor-post__card\">\n\t\t\t\t<a class=\"elementor-post__thumbnail__link\" href=\"https:\/\/vastgoedexperts.be\/fr\/epc-keuring-gemeenschappelijke-delen-wat-je-absoluut-moet-weten\/\" tabindex=\"-1\"><div class=\"elementor-post__thumbnail\"><img decoding=\"async\" width=\"860\" height=\"480\" data-src=\"https:\/\/vastgoedexperts.be\/wp-content\/uploads\/2024\/11\/vernieuwd-epc-verplicht-vanaf-2022-860x480-1.jpeg\" class=\"attachment-large size-large wp-image-3385 lazyload\" alt=\"\" data-srcset=\"https:\/\/vastgoedexperts.be\/wp-content\/uploads\/2024\/11\/vernieuwd-epc-verplicht-vanaf-2022-860x480-1.jpeg 860w, https:\/\/vastgoedexperts.be\/wp-content\/uploads\/2024\/11\/vernieuwd-epc-verplicht-vanaf-2022-860x480-1-300x167.jpeg 300w, https:\/\/vastgoedexperts.be\/wp-content\/uploads\/2024\/11\/vernieuwd-epc-verplicht-vanaf-2022-860x480-1-768x429.jpeg 768w, https:\/\/vastgoedexperts.be\/wp-content\/uploads\/2024\/11\/vernieuwd-epc-verplicht-vanaf-2022-860x480-1-18x10.jpeg 18w\" data-sizes=\"(max-width: 860px) 100vw, 860px\" src=\"data:image\/svg+xml;base64,PHN2ZyB3aWR0aD0iMSIgaGVpZ2h0PSIxIiB4bWxucz0iaHR0cDovL3d3dy53My5vcmcvMjAwMC9zdmciPjwvc3ZnPg==\" style=\"--smush-placeholder-width: 860px; --smush-placeholder-aspect-ratio: 860\/480;\" \/><\/div><\/a>\n\t\t\t\t<div class=\"elementor-post__badge\">EPC<\/div>\n\t\t\t\t<div class=\"elementor-post__text\">\n\t\t\t\t<h3 class=\"elementor-post__title\">\n\t\t\t<a href=\"https:\/\/vastgoedexperts.be\/fr\/epc-keuring-gemeenschappelijke-delen-wat-je-absoluut-moet-weten\/\">\n\t\t\t\tEPC pour les parties communes : ce qu'il faut absolument savoir\t\t\t<\/a>\n\t\t<\/h3>\n\t\t\t\t<div class=\"elementor-post__excerpt\">\n\t\t\t<p>R\u00e9cemment, des changements ont \u00e9t\u00e9 apport\u00e9s \u00e0 l'inspection du CPE pour les parties communes. EPC Pour un bref rappel sur ce qu'implique un EPC, veuillez vous r\u00e9f\u00e9rer \u00e0 l'un de nos pr\u00e9c\u00e9dents articles de blog. EPC-GD Un EPC-GD est un \"certificat de performance \u00e9nerg\u00e9tique pour les parties communes\".<\/p>\n\t\t<\/div>\n\t\t\n\t\t<a class=\"elementor-post__read-more\" href=\"https:\/\/vastgoedexperts.be\/fr\/epc-keuring-gemeenschappelijke-delen-wat-je-absoluut-moet-weten\/\" aria-label=\"En savoir plus sur Les parties communes de l&#039;inspection EPC : ce qu&#039;il faut absolument savoir\" tabindex=\"-1\">\n\t\t\tEn savoir plus\t\t<\/a>\n\n\t\t\t\t<\/div>\n\t\t\t\t\t<\/div>\n\t\t<\/article>\n\t\t\t\t<article class=\"elementor-post elementor-grid-item post-3377 post type-post status-publish format-standard has-post-thumbnail hentry category-epc\" role=\"listitem\">\n\t\t\t<div class=\"elementor-post__card\">\n\t\t\t\t<a class=\"elementor-post__thumbnail__link\" href=\"https:\/\/vastgoedexperts.be\/fr\/wat-is-de-r-waarde-en-hoe-zelf-berekenen\/\" tabindex=\"-1\"><div class=\"elementor-post__thumbnail\"><img decoding=\"async\" width=\"454\" height=\"292\" data-src=\"https:\/\/vastgoedexperts.be\/wp-content\/uploads\/2024\/11\/R-waarde.jpeg\" class=\"attachment-large size-large wp-image-3378 lazyload\" alt=\"\" data-srcset=\"https:\/\/vastgoedexperts.be\/wp-content\/uploads\/2024\/11\/R-waarde.jpeg 454w, https:\/\/vastgoedexperts.be\/wp-content\/uploads\/2024\/11\/R-waarde-300x193.jpeg 300w, https:\/\/vastgoedexperts.be\/wp-content\/uploads\/2024\/11\/R-waarde-18x12.jpeg 18w\" data-sizes=\"(max-width: 454px) 100vw, 454px\" src=\"data:image\/svg+xml;base64,PHN2ZyB3aWR0aD0iMSIgaGVpZ2h0PSIxIiB4bWxucz0iaHR0cDovL3d3dy53My5vcmcvMjAwMC9zdmciPjwvc3ZnPg==\" style=\"--smush-placeholder-width: 454px; --smush-placeholder-aspect-ratio: 454\/292;\" \/><\/div><\/a>\n\t\t\t\t<div class=\"elementor-post__badge\">EPC<\/div>\n\t\t\t\t<div class=\"elementor-post__text\">\n\t\t\t\t<h3 class=\"elementor-post__title\">\n\t\t\t<a href=\"https:\/\/vastgoedexperts.be\/fr\/wat-is-de-r-waarde-en-hoe-zelf-berekenen\/\">\n\t\t\t\tQu'est-ce que la valeur R et comment la calculer soi-m\u00eame ?\t\t\t<\/a>\n\t\t<\/h3>\n\t\t\t\t<div class=\"elementor-post__excerpt\">\n\t\t\t<p>Lorsque l'on parle d'isolation, on parle rapidement de valeurs d'isolation. En effet, des termes tels que la valeur R vous sont familiers lorsque vous commencez \u00e0 travailler avec des mat\u00e9riaux d'isolation. Mais que signifie exactement ce terme ?<\/p>\n\t\t<\/div>\n\t\t\n\t\t<a class=\"elementor-post__read-more\" href=\"https:\/\/vastgoedexperts.be\/fr\/wat-is-de-r-waarde-en-hoe-zelf-berekenen\/\" aria-label=\"En savoir plus sur Qu&#039;est-ce que la valeur R et comment la calculer soi-m\u00eame ?\" tabindex=\"-1\">\n\t\t\tEn savoir plus\t\t<\/a>\n\n\t\t\t\t<\/div>\n\t\t\t\t\t<\/div>\n\t\t<\/article>\n\t\t\t\t<article class=\"elementor-post elementor-grid-item post-1816 post type-post status-publish format-standard has-post-thumbnail hentry category-algemeen-nieuws\" role=\"listitem\">\n\t\t\t<div class=\"elementor-post__card\">\n\t\t\t\t<a class=\"elementor-post__thumbnail__link\" href=\"https:\/\/vastgoedexperts.be\/fr\/6-goede-redenen-om-te-verkopen-via-een-vastgoedmakelaar\/\" tabindex=\"-1\"><div class=\"elementor-post__thumbnail\"><img decoding=\"async\" width=\"1024\" height=\"480\" data-src=\"https:\/\/vastgoedexperts.be\/wp-content\/uploads\/2024\/08\/Vastgoedmakelaar-nodig.jpeg\" class=\"attachment-large size-large wp-image-3369 lazyload\" alt=\"\" data-srcset=\"https:\/\/vastgoedexperts.be\/wp-content\/uploads\/2024\/08\/Vastgoedmakelaar-nodig.jpeg 1024w, https:\/\/vastgoedexperts.be\/wp-content\/uploads\/2024\/08\/Vastgoedmakelaar-nodig-300x141.jpeg 300w, https:\/\/vastgoedexperts.be\/wp-content\/uploads\/2024\/08\/Vastgoedmakelaar-nodig-768x360.jpeg 768w, https:\/\/vastgoedexperts.be\/wp-content\/uploads\/2024\/08\/Vastgoedmakelaar-nodig-18x8.jpeg 18w\" data-sizes=\"(max-width: 1024px) 100vw, 1024px\" src=\"data:image\/svg+xml;base64,PHN2ZyB3aWR0aD0iMSIgaGVpZ2h0PSIxIiB4bWxucz0iaHR0cDovL3d3dy53My5vcmcvMjAwMC9zdmciPjwvc3ZnPg==\" style=\"--smush-placeholder-width: 1024px; --smush-placeholder-aspect-ratio: 1024\/480;\" \/><\/div><\/a>\n\t\t\t\t<div class=\"elementor-post__badge\">Nouvelles g\u00e9n\u00e9rales<\/div>\n\t\t\t\t<div class=\"elementor-post__text\">\n\t\t\t\t<h3 class=\"elementor-post__title\">\n\t\t\t<a href=\"https:\/\/vastgoedexperts.be\/fr\/6-goede-redenen-om-te-verkopen-via-een-vastgoedmakelaar\/\">\n\t\t\t\t6 bonnes raisons de vendre par l'interm\u00e9diaire d'un agent immobilier\t\t\t<\/a>\n\t\t<\/h3>\n\t\t\t\t<div class=\"elementor-post__excerpt\">\n\t\t\t<p>Vendre une maison ou un appartement, la plupart d'entre nous ne le font pas tous les jours. Il s'agit d'un \u00e9v\u00e9nement particulier, qui cl\u00f4t g\u00e9n\u00e9ralement une \u00e9poque et marque en m\u00eame temps le d\u00e9but d'une nouvelle \u00e8re.<\/p>\n\t\t<\/div>\n\t\t\n\t\t<a class=\"elementor-post__read-more\" href=\"https:\/\/vastgoedexperts.be\/fr\/6-goede-redenen-om-te-verkopen-via-een-vastgoedmakelaar\/\" aria-label=\"En savoir plus sur 6 bonnes raisons de vendre par l&#039;interm\u00e9diaire d&#039;un agent immobilier\" tabindex=\"-1\">\n\t\t\tEn savoir plus\t\t<\/a>\n\n\t\t\t\t<\/div>\n\t\t\t\t\t<\/div>\n\t\t<\/article>\n\t\t\t\t<\/div>\n\t\t\n\t\t\t\t\t\t<\/div>\n\t\t\t\t<\/div>\n\t\t\t\t<\/div>\n\t\t\t\t\t<\/div>\n\t\t\t\t<\/div>\n\t\t\t\t<\/div>","protected":false},"excerpt":{"rendered":"<p>En savoir plus sur les experts immobiliers Vous souhaitez obtenir des informations plus d\u00e9taill\u00e9es sur nos services ou vous avez encore des questions sur le CPE, l'amiante ou d'autres r\u00e9glementations en mati\u00e8re d'inspection ? Dans ce cas, lisez nos blogs ci-dessous. Nous y abordons divers sujets en d\u00e9tail afin que vous soyez bien inform\u00e9 avant de demander une inspection.<\/p>","protected":false},"author":2,"featured_media":0,"parent":0,"menu_order":0,"comment_status":"closed","ping_status":"closed","template":"","meta":{"_acf_changed":false,"site-sidebar-layout":"no-sidebar","site-content-layout":"page-builder","ast-site-content-layout":"full-width-container","site-content-style":"default","site-sidebar-style":"default","ast-global-header-display":"","ast-banner-title-visibility":"","ast-main-header-display":"","ast-hfb-above-header-display":"","ast-hfb-below-header-display":"","ast-hfb-mobile-header-display":"","site-post-title":"disabled","ast-breadcrumbs-content":"","ast-featured-img":"disabled","footer-sml-layout":"","ast-disable-related-posts":"","theme-transparent-header-meta":"default","adv-header-id-meta":"","stick-header-meta":"","header-above-stick-meta":"","header-main-stick-meta":"","header-below-stick-meta":"","astra-migrate-meta-layouts":"set","ast-page-background-enabled":"default","ast-page-background-meta":{"desktop":{"background-color":"var(--ast-global-color-4)","background-image":"","background-repeat":"repeat","background-position":"center center","background-size":"auto","background-attachment":"scroll","background-type":"","background-media":"","overlay-type":"","overlay-color":"","overlay-opacity":"","overlay-gradient":""},"tablet":{"background-color":"","background-image":"","background-repeat":"repeat","background-position":"center center","background-size":"auto","background-attachment":"scroll","background-type":"","background-media":"","overlay-type":"","overlay-color":"","overlay-opacity":"","overlay-gradient":""},"mobile":{"background-color":"","background-image":"","background-repeat":"repeat","background-position":"center center","background-size":"auto","background-attachment":"scroll","background-type":"","background-media":"","overlay-type":"","overlay-color":"","overlay-opacity":"","overlay-gradient":""}},"ast-content-background-meta":{"desktop":{"background-color":"var(--ast-global-color-5)","background-image":"","background-repeat":"repeat","background-position":"center center","background-size":"auto","background-attachment":"scroll","background-type":"","background-media":"","overlay-type":"","overlay-color":"","overlay-opacity":"","overlay-gradient":""},"tablet":{"background-color":"var(--ast-global-color-5)","background-image":"","background-repeat":"repeat","background-position":"center center","background-size":"auto","background-attachment":"scroll","background-type":"","background-media":"","overlay-type":"","overlay-color":"","overlay-opacity":"","overlay-gradient":""},"mobile":{"background-color":"var(--ast-global-color-5)","background-image":"","background-repeat":"repeat","background-position":"center center","background-size":"auto","background-attachment":"scroll","background-type":"","background-media":"","overlay-type":"","overlay-color":"","overlay-opacity":"","overlay-gradient":""}},"footnotes":""},"class_list":["post-1796","page","type-page","status-publish","hentry"],"acf":[],"_links":{"self":[{"href":"https:\/\/vastgoedexperts.be\/fr\/wp-json\/wp\/v2\/pages\/1796","targetHints":{"allow":["GET"]}}],"collection":[{"href":"https:\/\/vastgoedexperts.be\/fr\/wp-json\/wp\/v2\/pages"}],"about":[{"href":"https:\/\/vastgoedexperts.be\/fr\/wp-json\/wp\/v2\/types\/page"}],"author":[{"embeddable":true,"href":"https:\/\/vastgoedexperts.be\/fr\/wp-json\/wp\/v2\/users\/2"}],"replies":[{"embeddable":true,"href":"https:\/\/vastgoedexperts.be\/fr\/wp-json\/wp\/v2\/comments?post=1796"}],"version-history":[{"count":59,"href":"https:\/\/vastgoedexperts.be\/fr\/wp-json\/wp\/v2\/pages\/1796\/revisions"}],"predecessor-version":[{"id":4108,"href":"https:\/\/vastgoedexperts.be\/fr\/wp-json\/wp\/v2\/pages\/1796\/revisions\/4108"}],"wp:attachment":[{"href":"https:\/\/vastgoedexperts.be\/fr\/wp-json\/wp\/v2\/media?parent=1796"}],"curies":[{"name":"wp","href":"https:\/\/api.w.org\/{rel}","templated":true}]}}