{"id":3467,"date":"2024-11-21T08:00:19","date_gmt":"2024-11-21T08:00:19","guid":{"rendered":"https:\/\/vastgoedexperts.be\/?page_id=3467"},"modified":"2025-06-25T10:40:21","modified_gmt":"2025-06-25T10:40:21","slug":"avis-de-protection-des-donnees","status":"publish","type":"page","link":"https:\/\/vastgoedexperts.be\/fr\/data-protection-notice\/","title":{"rendered":"Avis de protection des donn\u00e9es"},"content":{"rendered":"<div data-elementor-type=\"wp-page\" data-elementor-id=\"3467\" class=\"elementor elementor-3467\" data-elementor-post-type=\"page\">\n\t\t\t\t<div class=\"elementor-element elementor-element-2555f14 e-flex e-con-boxed e-con e-parent\" data-id=\"2555f14\" data-element_type=\"container\" data-e-type=\"container\">\n\t\t\t\t\t<div class=\"e-con-inner\">\n\t\t<div class=\"elementor-element elementor-element-91d16b4 e-con-full e-flex e-con e-child\" data-id=\"91d16b4\" data-element_type=\"container\" data-e-type=\"container\">\n\t\t\t\t<div class=\"elementor-element elementor-element-543c63c elementor-widget elementor-widget-heading\" data-id=\"543c63c\" data-element_type=\"widget\" data-e-type=\"widget\" data-widget_type=\"heading.default\">\n\t\t\t\t<div class=\"elementor-widget-container\">\n\t\t\t\t\t<h1 class=\"elementor-heading-title elementor-size-default\"><span class=\"lichtblauw-accent\">Avis de protection des donn\u00e9es<\/span><\/h1>\t\t\t\t<\/div>\n\t\t\t\t<\/div>\n\t\t\t\t<div class=\"elementor-element elementor-element-44a3cb0 elementor-widget elementor-widget-text-editor\" data-id=\"44a3cb0\" data-element_type=\"widget\" data-e-type=\"widget\" data-widget_type=\"text-editor.default\">\n\t\t\t\t<div class=\"elementor-widget-container\">\n\t\t\t\t\t\t\t\t\t<h3>1. Introduction<\/h3>\n<p>Vastgoedexperts, dont le si\u00e8ge social est situ\u00e9 Langvoort 17 \u00e0 2430 Laakdal, Belgique et qui est inscrite \u00e0 la Banque Carrefour des Entreprises sous le num\u00e9ro d'entreprise 0667.567.856, attache une grande importance \u00e0 la collecte et au traitement s\u00fbrs, transparents et confidentiels de vos donn\u00e9es \u00e0 caract\u00e8re personnel. Nous souhaitons en particulier prot\u00e9ger les donn\u00e9es de nos clients, sous-traitants et fournisseurs, entre autres, contre la perte, les fuites, les erreurs, l'acc\u00e8s non autoris\u00e9 ou le traitement ill\u00e9gal. Nous souhaitons vous informer, par le biais du pr\u00e9sent avis de protection des donn\u00e9es, de la collecte et du traitement de vos donn\u00e9es \u00e0 caract\u00e8re personnel. Nous vous demandons de lire attentivement cet avis de protection des donn\u00e9es, car il contient des informations essentielles sur la mani\u00e8re dont vos donn\u00e9es personnelles sont trait\u00e9es et dans quel but. En communiquant vos donn\u00e9es personnelles, vous d\u00e9clarez explicitement avoir pris connaissance de la pr\u00e9sente note d'information sur la protection des donn\u00e9es et vous y consentez explicitement, ainsi qu'au traitement lui-m\u00eame.<\/p>\n<h3>2. Champ d'application<\/h3>\n<p>Le pr\u00e9sent avis de protection des donn\u00e9es couvre tous les services que nous fournissons et, d'une mani\u00e8re g\u00e9n\u00e9rale, toutes les activit\u00e9s que nous menons.<\/p>\n<h3>3. Le contr\u00f4leur et ses engagements<\/h3>\n<p>Realty Experts, dont le si\u00e8ge social est situ\u00e9 \u00e0 Langvoort 17 \u00e0 2430 Laakdal, Belgique et dont le num\u00e9ro d'entreprise est 0667.567.856 est le responsable du traitement de vos donn\u00e9es \u00e0 caract\u00e8re personnel. Lors de la collecte et du traitement de vos donn\u00e9es \u00e0 caract\u00e8re personnel, nous respectons la r\u00e9glementation belge en mati\u00e8re de protection des donn\u00e9es \u00e0 caract\u00e8re personnel, ainsi que le R\u00e8glement g\u00e9n\u00e9ral sur la protection des donn\u00e9es (\" RGPD \") \u00e0 compter de son entr\u00e9e en vigueur le 25 mai 2018.<\/p>\n<h3>4. Donn\u00e9es \u00e0 caract\u00e8re personnel<\/h3>\n<p>En fonction de vos activit\u00e9s et de votre relation avec notre soci\u00e9t\u00e9, vous nous fournirez les donn\u00e9es personnelles suivantes : votre identit\u00e9 et vos coordonn\u00e9es (nom, titre de l'adresse, adresse, adresse \u00e9lectronique, num\u00e9ro de t\u00e9l\u00e9phone et de t\u00e9l\u00e9phone portable). Nous vous rappelons que vous \u00eates responsable de toutes les donn\u00e9es que vous nous fournissez et que nous nous fions \u00e0 leur exactitude. Si vos donn\u00e9es ne sont plus \u00e0 jour, veuillez nous en informer par retour. Vous n'\u00eates pas oblig\u00e9 de divulguer vos donn\u00e9es personnelles, mais vous comprenez que la fourniture de certains services ou la coop\u00e9ration seront impossibles si vous ne consentez pas \u00e0 leur collecte et \u00e0 leur traitement.<\/p>\n<h3>5. Finalit\u00e9s du traitement et base juridique<\/h3>\n<p><strong>5.1. Donn\u00e9es sur les clients<\/strong><br>Dans le cadre de nos services et activit\u00e9s, nous collectons et traitons l'identit\u00e9 et les donn\u00e9es de contact de nos clients, de leur personnel, de leurs employ\u00e9s, des personnes qu'ils ont d\u00e9sign\u00e9es et d'autres contacts utiles. Les finalit\u00e9s de ce traitement sont l'ex\u00e9cution des contrats avec nos clients, la gestion de la client\u00e8le, la comptabilit\u00e9 et les activit\u00e9s de marketing direct telles que l'envoi d'informations promotionnelles ou commerciales. Les fondements juridiques sont l'ex\u00e9cution du contrat, le respect des obligations l\u00e9gales et r\u00e9glementaires (telles que, par exemple, la d\u00e9claration 30bis des \u0153uvres) et\/ou notre int\u00e9r\u00eat l\u00e9gitime.<\/p>\n<p><strong>5.2. Informations sur les fournisseurs et les sous-traitants<\/strong><br>Nous collectons et traitons l'identit\u00e9 et les coordonn\u00e9es de nos fournisseurs et sous-traitants, ainsi que de leur(s) sous-traitant(s) (le cas \u00e9ch\u00e9ant), de leur personnel, de leurs employ\u00e9s, des personnes qu'ils ont d\u00e9sign\u00e9es et d'autres contacts utiles. Les finalit\u00e9s de ce traitement sont l'ex\u00e9cution du pr\u00e9sent accord, la gestion des fournisseurs\/sous-traitants, la comptabilit\u00e9 et les activit\u00e9s de marketing direct telles que l'envoi d'informations promotionnelles ou commerciales. Les fondements juridiques sont l'ex\u00e9cution de l'accord, le respect des obligations l\u00e9gales et r\u00e9glementaires (par exemple, l'enregistrement \u00e9lectronique obligatoire des pr\u00e9sences, la d\u00e9claration 30bis des travaux, la liste de pr\u00e9sence ou d'autres obligations en mati\u00e8re de march\u00e9s publics, etc.) et\/ou notre int\u00e9r\u00eat l\u00e9gitime (comme pour le marketing direct). Pour les activit\u00e9s de marketing direct par courrier \u00e9lectronique (comme une lettre d'information ou une invitation \u00e0 des \u00e9v\u00e9nements), le consentement est toujours demand\u00e9 et peut \u00eatre retir\u00e9 \u00e0 tout moment.<\/p>\n<p><strong>5.3. Donn\u00e9es relatives au personnel<\/strong><br>Nous traitons les donn\u00e9es personnelles de nos employ\u00e9s dans le cadre de la gestion du personnel et de l'administration des salaires. Compte tenu de sa nature sp\u00e9cifique, ce traitement est r\u00e9glement\u00e9 de mani\u00e8re plus compl\u00e8te dans une politique de protection des donn\u00e9es des employ\u00e9s.<\/p>\n<p><strong>5.4. Autres donn\u00e9es<\/strong><br>Outre les donn\u00e9es des clients, des fournisseurs\/sous-traitants et du personnel, nous traitons \u00e9galement des donn\u00e9es \u00e0 caract\u00e8re personnel d'autres personnes, telles que de nouveaux clients\/prospects potentiels, des contacts utiles au sein de notre secteur, des contacts de r\u00e9seau, des contacts d'experts, etc. Les finalit\u00e9s de ce traitement sont dans l'int\u00e9r\u00eat de nos op\u00e9rations, du marketing direct et des relations publiques. La base juridique est notre int\u00e9r\u00eat l\u00e9gitime ou, dans certains cas, l'ex\u00e9cution d'un contrat.<\/p>\n<h3>6. Dur\u00e9e de la transformation<\/h3>\n<p>Nous conserverons et traiterons les donn\u00e9es \u00e0 caract\u00e8re personnel pendant la p\u00e9riode n\u00e9cessaire en fonction des finalit\u00e9s du traitement et de la relation (contractuelle ou non contractuelle) que nous entretenons avec vous. Les donn\u00e9es des clients et des fournisseurs ou sous-traitants seront en tout \u00e9tat de cause supprim\u00e9es de nos syst\u00e8mes apr\u00e8s une p\u00e9riode d'un mois suivant la fin de l'accord ou du projet, sauf en ce qui concerne les donn\u00e9es \u00e0 caract\u00e8re personnel que nous sommes tenus de conserver pendant une p\u00e9riode plus longue sur la base d'une l\u00e9gislation sp\u00e9cifique ou dans le cas d'un litige en cours pour lequel les donn\u00e9es \u00e0 caract\u00e8re personnel sont encore n\u00e9cessaires.<\/p>\n<h3>7. Les droits<\/h3>\n<p>Conform\u00e9ment et en vertu de la l\u00e9gislation belge sur la protection de la vie priv\u00e9e et des dispositions du R\u00e8glement g\u00e9n\u00e9ral sur la protection des donn\u00e9es, nous vous informons que vous disposez des droits suivants :<\/p>\n<p>- Droit d'acc\u00e8s et d'inspection : vous avez le droit d'acc\u00e9der gratuitement aux donn\u00e9es que nous d\u00e9tenons \u00e0 votre sujet et de savoir \u00e0 quoi elles servent.<\/p>\n<p>- Droit de rectification : vous avez le droit d'obtenir la rectification (correction) de vos donn\u00e9es personnelles incorrectes, ainsi que de compl\u00e9ter les donn\u00e9es personnelles incompl\u00e8tes.<\/p>\n<p>- Droit \u00e0 l'effacement ou \u00e0 la limitation des donn\u00e9es : vous avez le droit de nous demander d'effacer ou de limiter le traitement de vos donn\u00e9es \u00e0 caract\u00e8re personnel dans les circonstances et les conditions pr\u00e9vues par le r\u00e8glement g\u00e9n\u00e9ral sur la protection des donn\u00e9es. Nous pouvons refuser l'effacement ou la limitation des donn\u00e9es personnelles n\u00e9cessaires au respect d'une obligation l\u00e9gale, \u00e0 l'ex\u00e9cution du contrat ou \u00e0 notre int\u00e9r\u00eat l\u00e9gitime, et aussi longtemps que ces donn\u00e9es sont n\u00e9cessaires aux fins pour lesquelles elles ont \u00e9t\u00e9 collect\u00e9es.<\/p>\n<p>- Droit \u00e0 la portabilit\u00e9 des donn\u00e9es : vous avez le droit d'obtenir les donn\u00e9es \u00e0 caract\u00e8re personnel que vous nous avez fournies dans un format structur\u00e9, commun et lisible par machine. Vous avez le droit de transmettre ces donn\u00e9es \u00e0 un autre responsable du traitement.<\/p>\n<p>- Droit d'opposition : vous avez le droit de vous opposer au traitement de vos donn\u00e9es \u00e0 caract\u00e8re personnel pour des motifs s\u00e9rieux et l\u00e9gitimes. Toutefois, veuillez noter que vous ne pouvez pas vous opposer au traitement des donn\u00e9es \u00e0 caract\u00e8re personnel n\u00e9cessaires au respect d'une obligation l\u00e9gale, \u00e0 l'ex\u00e9cution du contrat ou \u00e0 notre int\u00e9r\u00eat l\u00e9gitime, et ce tant que ces donn\u00e9es sont n\u00e9cessaires aux fins pour lesquelles elles ont \u00e9t\u00e9 collect\u00e9es.<\/p>\n<p>- Droit de retirer son consentement : si le traitement des donn\u00e9es \u00e0 caract\u00e8re personnel est fond\u00e9 sur un consentement pr\u00e9alable, vous avez le droit de retirer ce consentement. Ces donn\u00e9es \u00e0 caract\u00e8re personnel ne seront alors trait\u00e9es que si nous disposons d'une autre base juridique pour le faire.<\/p>\n<p>- D\u00e9cisions automatis\u00e9es et profilage : nous confirmons que le traitement des donn\u00e9es \u00e0 caract\u00e8re personnel n'implique pas de profilage et que vous ne serez pas soumis \u00e0 des d\u00e9cisions enti\u00e8rement automatis\u00e9es.<\/p>\n<p>Vous pouvez exercer les droits susmentionn\u00e9s en contactant info@vastgoedexperts.com. Nous nous effor\u00e7ons de traiter vos donn\u00e9es personnelles de mani\u00e8re prudente et l\u00e9gitime, conform\u00e9ment \u00e0 la r\u00e9glementation applicable. Si, n\u00e9anmoins, vous estimez que vos droits ont \u00e9t\u00e9 viol\u00e9s et que vos pr\u00e9occupations n'ont pas \u00e9t\u00e9 prises en compte au sein de notre entreprise, vous \u00eates libre d'introduire une r\u00e9clamation aupr\u00e8s de :<\/p>\n<p>Commission pour la protection de la vie priv\u00e9e Rue du Printing Press 35, 1000 Bruxelles<br>T\u00e9l. 02 274 48 00<br>Fax. 02 274 48 35<\/p>\n<p>Courriel : commission@privacycommission.be<br>Vous pouvez \u00e9galement saisir un tribunal si vous estimez que le traitement de vos donn\u00e9es personnelles vous cause des dommages.<\/p>\n<h3>8. Transfert \u00e0 des tiers<\/h3>\n<p>Certaines donn\u00e9es \u00e0 caract\u00e8re personnel que nous collectons seront transmises et \u00e9ventuellement trait\u00e9es par des prestataires de services tiers, tels que notre fournisseur informatique, notre comptable, notre auditeur, ainsi que par les pouvoirs publics (par exemple dans le cas de la d\u00e9claration de travaux 30bis, de l'enregistrement \u00e9lectronique des pr\u00e9sences ou de la mise en concurrence pour les march\u00e9s publics).<\/p>\n<p>Il est possible qu'un ou plusieurs des tiers susmentionn\u00e9s soient situ\u00e9s en dehors de l'Espace \u00e9conomique europ\u00e9en (\"EEE\"). Toutefois, les donn\u00e9es \u00e0 caract\u00e8re personnel ne seront transf\u00e9r\u00e9es qu'\u00e0 des pays tiers offrant un niveau de protection ad\u00e9quat.<\/p>\n<p>Les employ\u00e9s, dirigeants et\/ou repr\u00e9sentants des prestataires de services ou institutions mentionn\u00e9s ci-dessus et les prestataires de services sp\u00e9cialis\u00e9s mandat\u00e9s par eux respectent le caract\u00e8re confidentiel de vos donn\u00e9es personnelles et ne peuvent utiliser ces donn\u00e9es qu'aux fins pour lesquelles elles ont \u00e9t\u00e9 fournies. Si n\u00e9cessaire, vos donn\u00e9es personnelles peuvent \u00eatre transmises \u00e0 d'autres tiers. Cela peut \u00eatre le cas, par exemple, si nous sommes r\u00e9organis\u00e9s en tout ou en partie, si nos activit\u00e9s sont transf\u00e9r\u00e9es ou si nous sommes d\u00e9clar\u00e9s en faillite. Les donn\u00e9es \u00e0 caract\u00e8re personnel peuvent \u00e9galement devoir \u00eatre divulgu\u00e9es en vertu d'une d\u00e9cision de justice ou pour se conformer \u00e0 une certaine obligation l\u00e9gale. Dans ce cas, nous ferons des efforts raisonnables pour vous informer \u00e0 l'avance d'une telle communication \u00e0 d'autres tiers. Toutefois, vous reconnaissez et comprenez que, dans certaines circonstances, cela peut ne pas \u00eatre techniquement ou commercialement faisable ou que des restrictions l\u00e9gales peuvent s'appliquer.<\/p>\n<p>En aucun cas nous ne vendrons ou ne mettrons commercialement vos donn\u00e9es personnelles \u00e0 la disposition d'agences de marketing direct ou de prestataires de services similaires, sauf avec votre consentement pr\u00e9alable.<\/p>\n<h3>9. Mesures techniques et organisationnelles<\/h3>\n<p><b><\/b>Nous prenons les mesures techniques et organisationnelles n\u00e9cessaires pour traiter vos donn\u00e9es personnelles selon un niveau de s\u00e9curit\u00e9 ad\u00e9quat et les prot\u00e9ger contre la destruction, la perte, la falsification, la modification, l'acc\u00e8s non autoris\u00e9 ou la notification par erreur \u00e0 des tiers, ainsi que contre tout autre traitement non autoris\u00e9 de ces donn\u00e9es.<\/p>\n<h3>10. Acc\u00e8s des tiers<\/h3>\n<p><b><\/b>Aux fins du traitement de vos donn\u00e9es personnelles, nous accordons l'acc\u00e8s \u00e0 vos donn\u00e9es personnelles \u00e0 nos employ\u00e9s, associ\u00e9s et personnes d\u00e9sign\u00e9es. Nous garantissons un niveau de protection similaire en imposant \u00e0 ces employ\u00e9s, associ\u00e9s et personnes nomm\u00e9es des obligations contractuelles similaires \u00e0 la pr\u00e9sente note d'information sur la protection des donn\u00e9es.<\/p>\n<h3>11. Des questions ?<\/h3>\n<p><b><\/b>Si, apr\u00e8s avoir lu le pr\u00e9sent avis de protection des donn\u00e9es, vous avez d'autres questions ou commentaires concernant la collecte et le traitement de vos donn\u00e9es \u00e0 caract\u00e8re personnel, vous pouvez contacter Real Estate Experts soit par courrier \u00e0 l'adresse Langvoort 17 \u00e0 2430 Laakdal, Belgique, soit par e-mail \u00e0 info@vastgoedexperts.be.<\/p>\t\t\t\t\t\t\t\t<\/div>\n\t\t\t\t<\/div>\n\t\t\t\t<\/div>\n\t\t\t\t\t<\/div>\n\t\t\t\t<\/div>\n\t\t\t\t<\/div>","protected":false},"excerpt":{"rendered":"<p>Data protection notice 1. Inleiding Vastgoedexperts met maatschappelijke zetel te Langvoort 17 te 2430 Laakdal, Belgi\u00eb en ingeschreven in de Kruispuntbank van Ondernemingen met ondernemingsnummer 0667.567.856 hecht veel belang aan een veilige, transparante en vertrouwelijke verzameling en verwerking van uw persoonsgegevens. In het bijzonder willen wij de gegevens van o.a. onze klanten, onderaannemers en leveranciers [&hellip;]<\/p>\n","protected":false},"author":2,"featured_media":0,"parent":0,"menu_order":0,"comment_status":"closed","ping_status":"closed","template":"","meta":{"_acf_changed":false,"site-sidebar-layout":"no-sidebar","site-content-layout":"page-builder","ast-site-content-layout":"full-width-container","site-content-style":"default","site-sidebar-style":"default","ast-global-header-display":"","ast-banner-title-visibility":"","ast-main-header-display":"","ast-hfb-above-header-display":"","ast-hfb-below-header-display":"","ast-hfb-mobile-header-display":"","site-post-title":"disabled","ast-breadcrumbs-content":"","ast-featured-img":"disabled","footer-sml-layout":"","ast-disable-related-posts":"","theme-transparent-header-meta":"default","adv-header-id-meta":"","stick-header-meta":"","header-above-stick-meta":"","header-main-stick-meta":"","header-below-stick-meta":"","astra-migrate-meta-layouts":"set","ast-page-background-enabled":"default","ast-page-background-meta":{"desktop":{"background-color":"var(--ast-global-color-4)","background-image":"","background-repeat":"repeat","background-position":"center center","background-size":"auto","background-attachment":"scroll","background-type":"","background-media":"","overlay-type":"","overlay-color":"","overlay-opacity":"","overlay-gradient":""},"tablet":{"background-color":"","background-image":"","background-repeat":"repeat","background-position":"center center","background-size":"auto","background-attachment":"scroll","background-type":"","background-media":"","overlay-type":"","overlay-color":"","overlay-opacity":"","overlay-gradient":""},"mobile":{"background-color":"","background-image":"","background-repeat":"repeat","background-position":"center center","background-size":"auto","background-attachment":"scroll","background-type":"","background-media":"","overlay-type":"","overlay-color":"","overlay-opacity":"","overlay-gradient":""}},"ast-content-background-meta":{"desktop":{"background-color":"var(--ast-global-color-5)","background-image":"","background-repeat":"repeat","background-position":"center center","background-size":"auto","background-attachment":"scroll","background-type":"","background-media":"","overlay-type":"","overlay-color":"","overlay-opacity":"","overlay-gradient":""},"tablet":{"background-color":"var(--ast-global-color-5)","background-image":"","background-repeat":"repeat","background-position":"center center","background-size":"auto","background-attachment":"scroll","background-type":"","background-media":"","overlay-type":"","overlay-color":"","overlay-opacity":"","overlay-gradient":""},"mobile":{"background-color":"var(--ast-global-color-5)","background-image":"","background-repeat":"repeat","background-position":"center center","background-size":"auto","background-attachment":"scroll","background-type":"","background-media":"","overlay-type":"","overlay-color":"","overlay-opacity":"","overlay-gradient":""}},"footnotes":""},"class_list":["post-3467","page","type-page","status-publish","hentry"],"acf":[],"_links":{"self":[{"href":"https:\/\/vastgoedexperts.be\/fr\/wp-json\/wp\/v2\/pages\/3467","targetHints":{"allow":["GET"]}}],"collection":[{"href":"https:\/\/vastgoedexperts.be\/fr\/wp-json\/wp\/v2\/pages"}],"about":[{"href":"https:\/\/vastgoedexperts.be\/fr\/wp-json\/wp\/v2\/types\/page"}],"author":[{"embeddable":true,"href":"https:\/\/vastgoedexperts.be\/fr\/wp-json\/wp\/v2\/users\/2"}],"replies":[{"embeddable":true,"href":"https:\/\/vastgoedexperts.be\/fr\/wp-json\/wp\/v2\/comments?post=3467"}],"version-history":[{"count":8,"href":"https:\/\/vastgoedexperts.be\/fr\/wp-json\/wp\/v2\/pages\/3467\/revisions"}],"predecessor-version":[{"id":5010,"href":"https:\/\/vastgoedexperts.be\/fr\/wp-json\/wp\/v2\/pages\/3467\/revisions\/5010"}],"wp:attachment":[{"href":"https:\/\/vastgoedexperts.be\/fr\/wp-json\/wp\/v2\/media?parent=3467"}],"curies":[{"name":"wp","href":"https:\/\/api.w.org\/{rel}","templated":true}]}}